{"id":108,"date":"2026-01-26T17:09:45","date_gmt":"2026-01-26T17:09:45","guid":{"rendered":"https:\/\/lak.im-nomade.com\/?page_id=108"},"modified":"2026-02-26T16:58:23","modified_gmt":"2026-02-26T16:58:23","slug":"college-lycee","status":"publish","type":"page","link":"https:\/\/lak.edu.lb\/en\/parcours-pedagogique\/college-lycee\/","title":{"rendered":"Secondary school"},"content":{"rendered":"<div data-elementor-type=\"wp-page\" data-elementor-id=\"108\" class=\"elementor elementor-108\" data-elementor-post-type=\"page\">\n\t\t\t\t<div class=\"elementor-element elementor-element-5951417 e-flex e-con-boxed e-con e-parent\" data-id=\"5951417\" data-element_type=\"container\" data-e-type=\"container\">\n\t\t\t\t\t<div class=\"e-con-inner\">\n\t\t\t\t<div class=\"elementor-element elementor-element-f54e584 e-n-tabs-mobile elementor-widget elementor-widget-n-tabs\" data-id=\"f54e584\" data-element_type=\"widget\" data-e-type=\"widget\" data-widget_type=\"nested-tabs.default\">\n\t\t\t\t\t\t\t<div class=\"e-n-tabs\" data-widget-number=\"257222020\" aria-label=\"Onglets. Ouvrez des \u00e9l\u00e9ments avec Entrer ou Espace, fermez-les avec Echape et naviguez \u00e0 l&#039;aide des touches fl\u00e9ch\u00e9es.\">\n\t\t\t<div class=\"e-n-tabs-heading\" role=\"tablist\">\n\t\t\t\t\t<button id=\"e-n-tab-title-2572220201\" data-tab-title-id=\"e-n-tab-title-2572220201\" class=\"e-n-tab-title\" aria-selected=\"true\" data-tab-index=\"1\" role=\"tab\" tabindex=\"0\" aria-controls=\"e-n-tab-content-2572220201\" style=\"--n-tabs-title-order: 1;\">\n\t\t\t\t\t\t<span class=\"e-n-tab-title-text\">\n\t\t\t\tLe coll\u00e8ge\t\t\t<\/span>\n\t\t<\/button>\n\t\t\t\t<button id=\"e-n-tab-title-2572220202\" data-tab-title-id=\"e-n-tab-title-2572220202\" class=\"e-n-tab-title\" aria-selected=\"false\" data-tab-index=\"2\" role=\"tab\" tabindex=\"-1\" aria-controls=\"e-n-tab-content-2572220202\" style=\"--n-tabs-title-order: 2;\">\n\t\t\t\t\t\t<span class=\"e-n-tab-title-text\">\n\t\t\t\tLe Lyc\u00e9e\t\t\t<\/span>\n\t\t<\/button>\n\t\t\t\t<button id=\"e-n-tab-title-2572220203\" data-tab-title-id=\"e-n-tab-title-2572220203\" class=\"e-n-tab-title\" aria-selected=\"false\" data-tab-index=\"3\" role=\"tab\" tabindex=\"-1\" aria-controls=\"e-n-tab-content-2572220203\" style=\"--n-tabs-title-order: 3;\">\n\t\t\t\t\t\t<span class=\"e-n-tab-title-text\">\n\t\t\t\tSp\u00e9cialit\u00e9s\t\t\t<\/span>\n\t\t<\/button>\n\t\t\t\t\t<\/div>\n\t\t\t<div class=\"e-n-tabs-content\">\n\t\t\t\t<div id=\"e-n-tab-content-2572220201\" role=\"tabpanel\" aria-labelledby=\"e-n-tab-title-2572220201\" data-tab-index=\"1\" style=\"--n-tabs-title-order: 1;\" class=\"e-active elementor-element elementor-element-e74de70 e-con-full e-flex e-con e-child\" data-id=\"e74de70\" data-element_type=\"container\" data-e-type=\"container\">\n\t\t\t\t<div class=\"elementor-element elementor-element-442da3e elementor-widget elementor-widget-heading\" data-id=\"442da3e\" data-element_type=\"widget\" data-e-type=\"widget\" data-widget_type=\"heading.default\">\n\t\t\t\t\t<h2 class=\"elementor-heading-title elementor-size-default\">Une p\u00e9dagogie active et structurante\n\n\n\n<\/h2>\t\t\t\t<\/div>\n\t\t\t\t<div class=\"elementor-element elementor-element-a98bfd4 elementor-widget elementor-widget-text-editor\" data-id=\"a98bfd4\" data-element_type=\"widget\" data-e-type=\"widget\" data-widget_type=\"text-editor.default\">\n\t\t\t\t\t\t\t\t\t<p>Les ann\u00e9es coll\u00e8ge consolident les savoirs fondamentaux. Nous proposons un parcours riche et biculturel. Les \u00e9l\u00e8ves suivent un double cursus jusqu&rsquo;en classe de 3\u00e8me. Ils pr\u00e9parent simultan\u00e9ment deux dipl\u00f4mes importants : le <b>Brevet Libanais<\/b> et le <b>DNB (Dipl\u00f4me National du Brevet) fran\u00e7ais<\/b>.<\/p><p>Pour les \u00e9l\u00e8ves passionn\u00e9s par les langues, nous proposons \u00e9galement l&rsquo;option <b>LCE (Langues et Cultures Europ\u00e9ennes)<\/b>. Cette option renforce leur ouverture sur le monde d\u00e8s le d\u00e9but du secondaire.<\/p>\t\t\t\t\t\t\t\t<\/div>\n\t\t\t\t<\/div>\n\t\t<div id=\"e-n-tab-content-2572220202\" role=\"tabpanel\" aria-labelledby=\"e-n-tab-title-2572220202\" data-tab-index=\"2\" style=\"--n-tabs-title-order: 2;\" class=\"elementor-element elementor-element-a0e2c61 e-con-full e-flex e-con e-child\" data-id=\"a0e2c61\" data-element_type=\"container\" data-e-type=\"container\">\n\t\t\t\t<div class=\"elementor-element elementor-element-47e5a50 elementor-widget elementor-widget-heading\" data-id=\"47e5a50\" data-element_type=\"widget\" data-e-type=\"widget\" data-widget_type=\"heading.default\">\n\t\t\t\t\t<h2 class=\"elementor-heading-title elementor-size-default\"> Vers le Baccalaur\u00e9at et l'Excellence (Seconde - Terminale)\n\n\n\n\n<\/h2>\t\t\t\t<\/div>\n\t\t\t\t<div class=\"elementor-element elementor-element-b0de8bb elementor-widget elementor-widget-text-editor\" data-id=\"b0de8bb\" data-element_type=\"widget\" data-e-type=\"widget\" data-widget_type=\"text-editor.default\">\n\t\t\t\t\t\t\t\t\t<p>Le lyc\u00e9e marque l&rsquo;\u00e9tape de la sp\u00e9cialisation et de la maturit\u00e9. D\u00e8s la classe de Seconde, les \u00e9l\u00e8ves peuvent int\u00e9grer la <b>Section Euro<\/b>. Ce parcours d&rsquo;excellence se poursuit jusqu&rsquo;\u00e0 la Terminale et permet d&rsquo;obtenir une \u00ab\u00a0mention section europ\u00e9enne\u00a0\u00bb sur le dipl\u00f4me du Baccalaur\u00e9at.<\/p><p>L&rsquo;objectif final est la r\u00e9ussite au <b>Baccalaur\u00e9at Fran\u00e7ais<\/b>. Nous accompagnons chaque lyc\u00e9en dans la construction de son projet d&rsquo;orientation.<\/p>\t\t\t\t\t\t\t\t<\/div>\n\t\t\t\t<\/div>\n\t\t<div id=\"e-n-tab-content-2572220203\" role=\"tabpanel\" aria-labelledby=\"e-n-tab-title-2572220203\" data-tab-index=\"3\" style=\"--n-tabs-title-order: 3;\" class=\"elementor-element elementor-element-1b94b33 e-con-full e-flex e-con e-child\" data-id=\"1b94b33\" data-element_type=\"container\" data-e-type=\"container\">\n\t\t\t\t<div class=\"elementor-element elementor-element-57af904 elementor-widget elementor-widget-heading\" data-id=\"57af904\" data-element_type=\"widget\" data-e-type=\"widget\" data-widget_type=\"heading.default\">\n\t\t\t\t\t<h2 class=\"elementor-heading-title elementor-size-default\">Nos Sp\u00e9cialit\u00e9s et Parcours\n\n\n\n\n\n<\/h2>\t\t\t\t<\/div>\n\t\t\t\t<div class=\"elementor-element elementor-element-6d1def2 elementor-widget elementor-widget-text-editor\" data-id=\"6d1def2\" data-element_type=\"widget\" data-e-type=\"widget\" data-widget_type=\"text-editor.default\">\n\t\t\t\t\t\t\t\t\t<p>\u00c0 partir de la classe de Premi\u00e8re, nous offrons un large choix de sp\u00e9cialit\u00e9s. Cela permet aux \u00e9l\u00e8ves de construire un profil adapt\u00e9 \u00e0 leurs ambitions :<\/p><ul><li aria-level=\"1\"><b>Math\u00e9matiques<\/b> : Pour d\u00e9velopper la logique et le raisonnement.<\/li><li aria-level=\"1\"><b>Physique-Chimie<\/b> : Pour explorer les lois de la mati\u00e8re.<\/li><li aria-level=\"1\"><b>SVT (Sciences de la Vie et de la Terre)<\/b> : Pour comprendre le monde vivant.<\/li><li aria-level=\"1\"><b>SES (Sciences \u00c9conomiques et Sociales)<\/b> : Pour analyser les enjeux contemporains.<\/li><li aria-level=\"1\"><b>HGGSP (Histoire-G\u00e9ographie, G\u00e9opolitique et Sciences Politiques)<\/b> : Pour d\u00e9crypter l&rsquo;actualit\u00e9 mondiale et se former aux grands enjeux du monde..<\/li><li aria-level=\"1\"><b>LLCE (Langues, Litt\u00e9ratures et Cultures \u00c9trang\u00e8res) &#8211; Anglais<\/b> : Pour ma\u00eetriser la langue de Shakespeare.<\/li><\/ul>\t\t\t\t\t\t\t\t<\/div>\n\t\t\t\t<\/div>\n\t\t\t\t\t<\/div>\n\t\t<\/div>\n\t\t\t\t\t\t<\/div>\n\t\t\t\t\t<\/div>\n\t\t\t\t<\/div>\n\t\t<div class=\"elementor-element elementor-element-63631bf e-flex e-con-boxed e-con e-parent\" data-id=\"63631bf\" data-element_type=\"container\" data-e-type=\"container\">\n\t\t\t\t\t<div class=\"e-con-inner\">\n\t\t\t\t<div class=\"elementor-element elementor-element-c76587f elementor-widget elementor-widget-button\" data-id=\"c76587f\" data-element_type=\"widget\" data-e-type=\"widget\" data-widget_type=\"button.default\">\n\t\t\t\t\t\t\t\t\t\t<a class=\"elementor-button elementor-button-link elementor-size-sm\" href=\"https:\/\/lak.edu.lb\/en\/admissions\/procedure-dinscription\/\">\n\t\t\t\t\t\t<span class=\"elementor-button-content-wrapper\">\n\t\t\t\t\t\t<span class=\"elementor-button-icon\">\n\t\t\t\t<svg aria-hidden=\"true\" class=\"e-font-icon-svg e-fas-arrow-alt-circle-right\" viewbox=\"0 0 512 512\" xmlns=\"http:\/\/www.w3.org\/2000\/svg\"><path d=\"M256 8c137 0 248 111 248 248S393 504 256 504 8 393 8 256 119 8 256 8zM140 300h116v70.9c0 10.7 13 16.1 20.5 8.5l114.3-114.9c4.7-4.7 4.7-12.2 0-16.9l-114.3-115c-7.6-7.6-20.5-2.2-20.5 8.5V212H140c-6.6 0-12 5.4-12 12v64c0 6.6 5.4 12 12 12z\"><\/path><\/svg>\t\t\t<\/span>\n\t\t\t\t\t\t\t\t\t<span class=\"elementor-button-text\">Pr\u00eat \u00e0 rejoindre un \u00e9tablissement d'excellence ? <\/span>\n\t\t\t\t\t<\/span>\n\t\t\t\t\t<\/a>\n\t\t\t\t\t\t\t\t<\/div>\n\t\t\t\t\t<\/div>\n\t\t\t\t<\/div>\n\t\t<div class=\"elementor-element elementor-element-32c21b1 e-flex e-con-boxed e-con e-parent\" data-id=\"32c21b1\" data-element_type=\"container\" data-e-type=\"container\">\n\t\t\t\t\t<div class=\"e-con-inner\">\n\t\t\t\t\t<\/div>\n\t\t\t\t<\/div>\n\t\t\t\t<\/div>","protected":false},"excerpt":{"rendered":"<p>Le coll\u00e8ge Le Lyc\u00e9e Sp\u00e9cialit\u00e9s Une p\u00e9dagogie active et structurante Les ann\u00e9es coll\u00e8ge consolident les savoirs fondamentaux. Nous proposons un parcours riche et biculturel. Les \u00e9l\u00e8ves suivent un double cursus jusqu&rsquo;en classe de 3\u00e8me. Ils pr\u00e9parent simultan\u00e9ment deux dipl\u00f4mes importants : le Brevet Libanais et le DNB (Dipl\u00f4me National du Brevet) fran\u00e7ais. Pour les \u00e9l\u00e8ves [&hellip;]<\/p>\n","protected":false},"author":1,"featured_media":739,"parent":101,"menu_order":0,"comment_status":"closed","ping_status":"closed","template":"","meta":{"_acf_changed":false,"footnotes":""},"class_list":["post-108","page","type-page","status-publish","has-post-thumbnail","hentry"],"acf":[],"_links":{"self":[{"href":"https:\/\/lak.edu.lb\/en\/wp-json\/wp\/v2\/pages\/108","targetHints":{"allow":["GET"]}}],"collection":[{"href":"https:\/\/lak.edu.lb\/en\/wp-json\/wp\/v2\/pages"}],"about":[{"href":"https:\/\/lak.edu.lb\/en\/wp-json\/wp\/v2\/types\/page"}],"author":[{"embeddable":true,"href":"https:\/\/lak.edu.lb\/en\/wp-json\/wp\/v2\/users\/1"}],"replies":[{"embeddable":true,"href":"https:\/\/lak.edu.lb\/en\/wp-json\/wp\/v2\/comments?post=108"}],"version-history":[{"count":23,"href":"https:\/\/lak.edu.lb\/en\/wp-json\/wp\/v2\/pages\/108\/revisions"}],"predecessor-version":[{"id":777,"href":"https:\/\/lak.edu.lb\/en\/wp-json\/wp\/v2\/pages\/108\/revisions\/777"}],"up":[{"embeddable":true,"href":"https:\/\/lak.edu.lb\/en\/wp-json\/wp\/v2\/pages\/101"}],"wp:featuredmedia":[{"embeddable":true,"href":"https:\/\/lak.edu.lb\/en\/wp-json\/wp\/v2\/media\/739"}],"wp:attachment":[{"href":"https:\/\/lak.edu.lb\/en\/wp-json\/wp\/v2\/media?parent=108"}],"curies":[{"name":"wp","href":"https:\/\/api.w.org\/{rel}","templated":true}]}}