{"id":110,"date":"2026-01-26T17:10:01","date_gmt":"2026-01-26T17:10:01","guid":{"rendered":"https:\/\/lak.im-nomade.com\/?page_id=110"},"modified":"2026-02-26T17:06:01","modified_gmt":"2026-02-26T17:06:01","slug":"langues-certifications","status":"publish","type":"page","link":"https:\/\/lak.edu.lb\/en\/parcours-pedagogique\/langues-certifications\/","title":{"rendered":"Languages &amp; Certifications"},"content":{"rendered":"<div data-elementor-type=\"wp-page\" data-elementor-id=\"110\" class=\"elementor elementor-110\" data-elementor-post-type=\"page\">\n\t\t\t\t<div class=\"elementor-element elementor-element-2b81540 e-flex e-con-boxed e-con e-parent\" data-id=\"2b81540\" data-element_type=\"container\" data-e-type=\"container\">\n\t\t\t\t\t<div class=\"e-con-inner\">\n\t\t\t\t<div class=\"elementor-element elementor-element-aa1d512 elementor-widget elementor-widget-heading\" data-id=\"aa1d512\" data-element_type=\"widget\" data-e-type=\"widget\" data-widget_type=\"heading.default\">\n\t\t\t\t\t<h2 class=\"elementor-heading-title elementor-size-default\">Une Immersion Naturelle d\u00e8s la Maternelle\n\n\n<\/h2>\t\t\t\t<\/div>\n\t\t\t\t<div class=\"elementor-element elementor-element-804464b elementor-widget elementor-widget-text-editor\" data-id=\"804464b\" data-element_type=\"widget\" data-e-type=\"widget\" data-widget_type=\"text-editor.default\">\n\t\t\t\t\t\t\t\t\t<p>L&rsquo;apprentissage des langues commence d\u00e8s le plus jeune \u00e2ge, au moment o\u00f9 la curiosit\u00e9 est la plus forte.<\/p><ul><li aria-level=\"1\"><b>Maternelle :<\/b> Les enfants b\u00e9n\u00e9ficient d&rsquo;un enseignement structur\u00e9 en fran\u00e7ais, anglais et arabe pour une impr\u00e9gnation naturelle.<\/li><li aria-level=\"1\"><b>\u00c9l\u00e9mentaire (CP au CM2) :<\/b> Notre section internationale am\u00e9ricaine renforce la ma\u00eetrise de l&rsquo;anglais et invite \u00e0 la d\u00e9couverte de la culture anglophone.<\/li><li aria-level=\"1\"><b>Enseignement bilingue :<\/b> Certaines mati\u00e8res sont enseign\u00e9es directement en langue cible, comme les arts plastiques et la g\u00e9ographie en arabe.<\/li><\/ul>\t\t\t\t\t\t\t\t<\/div>\n\t\t\t\t<div class=\"elementor-element elementor-element-5d3c0f6 elementor-widget elementor-widget-video\" data-id=\"5d3c0f6\" data-element_type=\"widget\" data-e-type=\"widget\" data-settings=\"{&quot;video_type&quot;:&quot;hosted&quot;,&quot;controls&quot;:&quot;yes&quot;}\" data-widget_type=\"video.default\">\n\t\t\t\t\t\t\t<div class=\"e-hosted-video elementor-wrapper elementor-open-inline\">\n\t\t\t\t\t<video class=\"elementor-video\" src=\"https:\/\/lak.edu.lb\/wp-content\/uploads\/2026\/02\/POLITIQUE-DES-LANGUES-LAK.mp4\" controls=\"\" preload=\"metadata\" controlslist=\"nodownload\"><\/video>\n\t\t\t\t<\/div>\n\t\t\t\t\t\t<\/div>\n\t\t\t\t\t<\/div>\n\t\t\t\t<\/div>\n\t\t<div class=\"elementor-element elementor-element-1f38749 e-flex e-con-boxed e-con e-parent\" data-id=\"1f38749\" data-element_type=\"container\" data-e-type=\"container\">\n\t\t\t\t\t<div class=\"e-con-inner\">\n\t\t\t\t<div class=\"elementor-element elementor-element-e874fb6 elementor-widget elementor-widget-heading\" data-id=\"e874fb6\" data-element_type=\"widget\" data-e-type=\"widget\" data-widget_type=\"heading.default\">\n\t\t\t\t\t<h2 class=\"elementor-heading-title elementor-size-default\">Coll\u00e8ge et Lyc\u00e9e : Vers le Bilinguisme Avanc\u00e9\n\n\n<\/h2>\t\t\t\t<\/div>\n\t\t\t\t<div class=\"elementor-element elementor-element-fce5277 elementor-widget elementor-widget-text-editor\" data-id=\"fce5277\" data-element_type=\"widget\" data-e-type=\"widget\" data-widget_type=\"text-editor.default\">\n\t\t\t\t\t\t\t\t\t<p>Au secondaire, les \u00e9l\u00e8ves perfectionnent leurs comp\u00e9tences \u00e0 travers des programmes acad\u00e9miques ambitieux et des projets vivants (th\u00e9\u00e2tre, spectacles, \u00ab\u00a0Nuits de la lecture\u00a0\u00bb).<\/p><ul><li aria-level=\"1\"><b>Au Coll\u00e8ge :<\/b> L&rsquo;anglais se pratique aussi en dehors de la classe, avec une heure de sport dispens\u00e9e en anglais en 6\u00e8me. L&rsquo;option \u00ab\u00a0Langue et Culture Europ\u00e9enne\u00a0\u00bb est accessible d\u00e8s la 5\u00e8me.<\/li><li aria-level=\"1\"><b>Au Lyc\u00e9e :<\/b> La \u00ab\u00a0Section europ\u00e9enne\u00a0\u00bb pr\u00e9pare \u00e0 la mention sp\u00e9ciale au Baccalaur\u00e9at. Les \u00e9l\u00e8ves suivent des cours de math\u00e9matiques et de physique-chimie en anglais.<\/li><li aria-level=\"1\"><b>Une troisi\u00e8me langue :<\/b> L&rsquo;espagnol est propos\u00e9 en option d\u00e8s la classe de Seconde.<\/li><\/ul>\t\t\t\t\t\t\t\t<\/div>\n\t\t\t\t<div class=\"elementor-element elementor-element-c174e1f elementor-widget elementor-widget-video\" data-id=\"c174e1f\" data-element_type=\"widget\" data-e-type=\"widget\" data-settings=\"{&quot;video_type&quot;:&quot;hosted&quot;,&quot;controls&quot;:&quot;yes&quot;}\" data-widget_type=\"video.default\">\n\t\t\t\t\t\t\t<div class=\"e-hosted-video elementor-wrapper elementor-open-inline\">\n\t\t\t\t\t<video class=\"elementor-video\" src=\"https:\/\/lak.edu.lb\/wp-content\/uploads\/2026\/02\/PLURILINGUISME-super-pouvoir.mp4\" controls=\"\" preload=\"metadata\" controlslist=\"nodownload\"><\/video>\n\t\t\t\t<\/div>\n\t\t\t\t\t\t<\/div>\n\t\t\t\t\t<\/div>\n\t\t\t\t<\/div>\n\t\t<div class=\"elementor-element elementor-element-ea4fb50 e-flex e-con-boxed e-con e-parent\" data-id=\"ea4fb50\" data-element_type=\"container\" data-e-type=\"container\">\n\t\t\t\t\t<div class=\"e-con-inner\">\n\t\t<div class=\"elementor-element elementor-element-4a1f9c1 e-con-full e-flex e-con e-child\" data-id=\"4a1f9c1\" data-element_type=\"container\" data-e-type=\"container\">\n\t\t\t\t<div class=\"elementor-element elementor-element-f143ece elementor-widget elementor-widget-heading\" data-id=\"f143ece\" data-element_type=\"widget\" data-e-type=\"widget\" data-widget_type=\"heading.default\">\n\t\t\t\t\t<h2 class=\"elementor-heading-title elementor-size-default\">Des Certifications Internationales\n\n\n\n<\/h2>\t\t\t\t<\/div>\n\t\t\t\t<div class=\"elementor-element elementor-element-8808e2e elementor-widget elementor-widget-text-editor\" data-id=\"8808e2e\" data-element_type=\"widget\" data-e-type=\"widget\" data-widget_type=\"text-editor.default\">\n\t\t\t\t\t\t\t\t\t<p>Nous validons les acquis de nos \u00e9l\u00e8ves par des dipl\u00f4mes reconnus mondialement, atouts majeurs pour leurs futures \u00e9tudes sup\u00e9rieures.<\/p><ul><li aria-level=\"1\"><b>Partenaire British Council :<\/b> En tant que centre d&rsquo;examen, nous pr\u00e9parons et accompagnons les \u00e9l\u00e8ves de 8 \u00e0 17 ans aux certifications Cambridge.<\/li><li aria-level=\"1\"><b>Test Ev@lang :<\/b> Ce test de positionnement en ligne \u00e9value les comp\u00e9tences selon les standards internationaux (CECRL) pour adapter pr\u00e9cis\u00e9ment le parcours de chaque \u00e9l\u00e8ve.<\/li><\/ul>\t\t\t\t\t\t\t\t<\/div>\n\t\t\t\t<\/div>\n\t\t<div class=\"elementor-element elementor-element-f6a50c9 e-con-full e-flex e-con e-child\" data-id=\"f6a50c9\" data-element_type=\"container\" data-e-type=\"container\">\n\t\t\t\t<div class=\"elementor-element elementor-element-fdd8184 elementor-widget elementor-widget-video\" data-id=\"fdd8184\" data-element_type=\"widget\" data-e-type=\"widget\" data-settings=\"{&quot;video_type&quot;:&quot;hosted&quot;,&quot;controls&quot;:&quot;yes&quot;}\" data-widget_type=\"video.default\">\n\t\t\t\t\t\t\t<div class=\"e-hosted-video elementor-wrapper elementor-open-inline\">\n\t\t\t\t\t<video class=\"elementor-video\" src=\"https:\/\/lak.edu.lb\/wp-content\/uploads\/2026\/02\/Resultats-anglais-test-Eval@ng.mp4\" controls=\"\" preload=\"metadata\" controlslist=\"nodownload\"><\/video>\n\t\t\t\t<\/div>\n\t\t\t\t\t\t<\/div>\n\t\t\t\t<\/div>\n\t\t\t\t\t<\/div>\n\t\t\t\t<\/div>\n\t\t\t\t<\/div>","protected":false},"excerpt":{"rendered":"<p>Une Immersion Naturelle d\u00e8s la Maternelle L&rsquo;apprentissage des langues commence d\u00e8s le plus jeune \u00e2ge, au moment o\u00f9 la curiosit\u00e9 est la plus forte. Maternelle : Les enfants b\u00e9n\u00e9ficient d&rsquo;un enseignement structur\u00e9 en fran\u00e7ais, anglais et arabe pour une impr\u00e9gnation naturelle. \u00c9l\u00e9mentaire (CP au CM2) : Notre section internationale am\u00e9ricaine renforce la ma\u00eetrise de l&rsquo;anglais [&hellip;]<\/p>\n","protected":false},"author":1,"featured_media":490,"parent":101,"menu_order":0,"comment_status":"closed","ping_status":"closed","template":"","meta":{"_acf_changed":false,"footnotes":""},"class_list":["post-110","page","type-page","status-publish","has-post-thumbnail","hentry"],"acf":[],"_links":{"self":[{"href":"https:\/\/lak.edu.lb\/en\/wp-json\/wp\/v2\/pages\/110","targetHints":{"allow":["GET"]}}],"collection":[{"href":"https:\/\/lak.edu.lb\/en\/wp-json\/wp\/v2\/pages"}],"about":[{"href":"https:\/\/lak.edu.lb\/en\/wp-json\/wp\/v2\/types\/page"}],"author":[{"embeddable":true,"href":"https:\/\/lak.edu.lb\/en\/wp-json\/wp\/v2\/users\/1"}],"replies":[{"embeddable":true,"href":"https:\/\/lak.edu.lb\/en\/wp-json\/wp\/v2\/comments?post=110"}],"version-history":[{"count":20,"href":"https:\/\/lak.edu.lb\/en\/wp-json\/wp\/v2\/pages\/110\/revisions"}],"predecessor-version":[{"id":790,"href":"https:\/\/lak.edu.lb\/en\/wp-json\/wp\/v2\/pages\/110\/revisions\/790"}],"up":[{"embeddable":true,"href":"https:\/\/lak.edu.lb\/en\/wp-json\/wp\/v2\/pages\/101"}],"wp:featuredmedia":[{"embeddable":true,"href":"https:\/\/lak.edu.lb\/en\/wp-json\/wp\/v2\/media\/490"}],"wp:attachment":[{"href":"https:\/\/lak.edu.lb\/en\/wp-json\/wp\/v2\/media?parent=110"}],"curies":[{"name":"wp","href":"https:\/\/api.w.org\/{rel}","templated":true}]}}