{"id":116,"date":"2026-01-26T17:10:41","date_gmt":"2026-01-26T17:10:41","guid":{"rendered":"https:\/\/lak.im-nomade.com\/?page_id=116"},"modified":"2026-02-26T17:25:48","modified_gmt":"2026-02-26T17:25:48","slug":"vie-scolaire","status":"publish","type":"page","link":"https:\/\/lak.edu.lb\/en\/vie-a-lecole\/vie-scolaire\/","title":{"rendered":"School life"},"content":{"rendered":"\t\t<div data-elementor-type=\"wp-page\" data-elementor-id=\"116\" class=\"elementor elementor-116\" data-elementor-post-type=\"page\">\n\t\t\t\t<div class=\"elementor-element elementor-element-0ee45e5 e-flex e-con-boxed e-con e-parent\" data-id=\"0ee45e5\" data-element_type=\"container\" data-e-type=\"container\">\n\t\t\t\t\t<div class=\"e-con-inner\">\n\t\t<div class=\"elementor-element elementor-element-cf0118a e-con-full e-flex e-con e-child\" data-id=\"cf0118a\" data-element_type=\"container\" data-e-type=\"container\">\n\t\t\t\t<div class=\"elementor-element elementor-element-c50e69d elementor-widget elementor-widget-heading\" data-id=\"c50e69d\" data-element_type=\"widget\" data-e-type=\"widget\" data-widget_type=\"heading.default\">\n\t\t\t\t\t<h2 class=\"elementor-heading-title elementor-size-default\">Une \u00c9quipe Structur\u00e9e et Pr\u00e9sente<\/h2>\t\t\t\t<\/div>\n\t\t\t\t<div class=\"elementor-element elementor-element-8932b63 elementor-widget elementor-widget-text-editor\" data-id=\"8932b63\" data-element_type=\"widget\" data-e-type=\"widget\" data-widget_type=\"text-editor.default\">\n\t\t\t\t\t\t\t\t\t<p>Nous assurons une pr\u00e9sence adulte bienveillante et continue, adapt\u00e9e \u00e0 l&rsquo;\u00e2ge des \u00e9l\u00e8ves :<\/p><ul><li aria-level=\"1\"><b>Au Secondaire :<\/b> L&rsquo;\u00e9quipe est encadr\u00e9e par un Conseiller Principal d&rsquo;\u00c9ducation (CPE) et compos\u00e9e de 7 assistants d&rsquo;\u00e9ducation (AED) qui assurent le suivi quotidien.<\/li><li aria-level=\"1\"><b>\u00c0 l&rsquo;\u00c9cole Primaire :<\/b> Des responsables de Vie Scolaire veillent sur les \u00e9l\u00e8ves, avec Mme A r\u00e9f\u00e9rente pour la maternelle et Mme N pour l&rsquo;\u00e9l\u00e9mentaire.<\/li><\/ul><p>Nous cultivons un v\u00e9ritable esprit d&rsquo;\u00e9quipe pour valoriser et responsabiliser les \u00e9l\u00e8ves dans leurs apprentissages.<\/p>\t\t\t\t\t\t\t\t<\/div>\n\t\t\t\t<\/div>\n\t\t<div class=\"elementor-element elementor-element-6310d20 e-con-full e-flex e-con e-child\" data-id=\"6310d20\" data-element_type=\"container\" data-e-type=\"container\" data-settings=\"{&quot;background_background&quot;:&quot;slideshow&quot;,&quot;background_slideshow_gallery&quot;:[{&quot;id&quot;:711,&quot;url&quot;:&quot;https:\\\/\\\/lak.edu.lb\\\/wp-content\\\/uploads\\\/2026\\\/02\\\/Pole-admin.png&quot;},{&quot;id&quot;:508,&quot;url&quot;:&quot;https:\\\/\\\/lak.edu.lb\\\/wp-content\\\/uploads\\\/2026\\\/02\\\/b48fc6cc-c4d0-4d04-b7af-813ba7e0e5a3.jpg&quot;}],&quot;background_slideshow_ken_burns&quot;:&quot;yes&quot;,&quot;background_slideshow_loop&quot;:&quot;yes&quot;,&quot;background_slideshow_slide_duration&quot;:5000,&quot;background_slideshow_slide_transition&quot;:&quot;fade&quot;,&quot;background_slideshow_transition_duration&quot;:500,&quot;background_slideshow_ken_burns_zoom_direction&quot;:&quot;in&quot;}\">\n\t\t\t\t<\/div>\n\t\t\t\t\t<\/div>\n\t\t\t\t<\/div>\n\t\t<div class=\"elementor-element elementor-element-d3332c9 e-flex e-con-boxed e-con e-parent\" data-id=\"d3332c9\" data-element_type=\"container\" data-e-type=\"container\">\n\t\t\t\t\t<div class=\"e-con-inner\">\n\t\t\t\t<div class=\"elementor-element elementor-element-f398d32 elementor-widget elementor-widget-heading\" data-id=\"f398d32\" data-element_type=\"widget\" data-e-type=\"widget\" data-widget_type=\"heading.default\">\n\t\t\t\t\t<h2 class=\"elementor-heading-title elementor-size-default\">Nos 3 Piliers : Suivre, Prot\u00e9ger, Responsabiliser\n\n\n\n\n<\/h2>\t\t\t\t<\/div>\n\t\t\t\t<div class=\"elementor-element elementor-element-d4a5e2e elementor-widget elementor-widget-text-editor\" data-id=\"d4a5e2e\" data-element_type=\"widget\" data-e-type=\"widget\" data-widget_type=\"text-editor.default\">\n\t\t\t\t\t\t\t\t\t<p>Notre projet \u00e9ducatif vise \u00e0 d\u00e9velopper l&rsquo;autonomie de l&rsquo;\u00e9l\u00e8ve dans un climat de confiance.<\/p>\t\t\t\t\t\t\t\t<\/div>\n\t\t\t\t<div class=\"elementor-element elementor-element-1c46c90 elementor-widget elementor-widget-heading\" data-id=\"1c46c90\" data-element_type=\"widget\" data-e-type=\"widget\" data-widget_type=\"heading.default\">\n\t\t\t\t\t<h3 class=\"elementor-heading-title elementor-size-default\">1. Un suivi scolaire rigoureux\n\n\n\n\n\n<\/h3>\t\t\t\t<\/div>\n\t\t\t\t<div class=\"elementor-element elementor-element-822a2ac elementor-widget elementor-widget-text-editor\" data-id=\"822a2ac\" data-element_type=\"widget\" data-e-type=\"widget\" data-widget_type=\"text-editor.default\">\n\t\t\t\t\t\t\t\t\t<p>La r\u00e9ussite passe par l&rsquo;assiduit\u00e9. Nous contr\u00f4lons syst\u00e9matiquement les absences et les retards pour r\u00e9agir vite.\u00a0<\/p>\t\t\t\t\t\t\t\t<\/div>\n\t\t\t\t<div class=\"elementor-element elementor-element-a2947fe elementor-widget elementor-widget-heading\" data-id=\"a2947fe\" data-element_type=\"widget\" data-e-type=\"widget\" data-widget_type=\"heading.default\">\n\t\t\t\t\t<h3 class=\"elementor-heading-title elementor-size-default\">2. Un climat scolaire apais\u00e9\n\n\n\n\n\n\n<\/h3>\t\t\t\t<\/div>\n\t\t\t\t<div class=\"elementor-element elementor-element-ec9cf74 elementor-widget elementor-widget-text-editor\" data-id=\"ec9cf74\" data-element_type=\"widget\" data-e-type=\"widget\" data-widget_type=\"text-editor.default\">\n\t\t\t\t\t\t\t\t\t<p>Le bien-\u00eatre est notre priorit\u00e9. Nous agissons concr\u00e8tement pour am\u00e9liorer le climat scolaire :<\/p><ul><li aria-level=\"1\"><b>Lutte contre le harc\u00e8lement :<\/b> Nous formons nos \u00e9quipes et les \u00e9l\u00e8ves \u00e0 la m\u00e9diation et \u00e0 la m\u00e9thode de la pr\u00e9occupation partag\u00e9e.<\/li><li aria-level=\"1\"><b>Espaces adapt\u00e9s :<\/b> Nous am\u00e9nageons des zones distinctes pour le travail calme, la d\u00e9tente ou les activit\u00e9s ludiques.<\/li><li aria-level=\"1\"><b>R\u00e8gles claires :<\/b> Nous expliquons le r\u00e8glement int\u00e9rieur pour garantir le respect mutuel.<\/li><\/ul>\t\t\t\t\t\t\t\t<\/div>\n\t\t\t\t<div class=\"elementor-element elementor-element-b4099a2 elementor-widget elementor-widget-heading\" data-id=\"b4099a2\" data-element_type=\"widget\" data-e-type=\"widget\" data-widget_type=\"heading.default\">\n\t\t\t\t\t<h3 class=\"elementor-heading-title elementor-size-default\">3. L'\u00e9ducation \u00e0 la citoyennet\u00e9\n\n\n\n\n\n\n\n<\/h3>\t\t\t\t<\/div>\n\t\t\t\t<div class=\"elementor-element elementor-element-c3b57a8 elementor-widget elementor-widget-text-editor\" data-id=\"c3b57a8\" data-element_type=\"widget\" data-e-type=\"widget\" data-widget_type=\"text-editor.default\">\n\t\t\t\t\t\t\t\t\t<p>L&rsquo;\u00e9cole est un lieu de vie d\u00e9mocratique. Nous encourageons les \u00e9l\u00e8ves \u00e0 s&rsquo;engager :<\/p><ul><li aria-level=\"1\"><b>Repr\u00e9sentation :<\/b> Les \u00e9l\u00e8ves participent activement aux instances comme le Conseil de la Vie Coll\u00e9gienne et Lyc\u00e9enne (CVC\/CVL).<\/li><li aria-level=\"1\"><b>\u00c9cologie :<\/b> Les \u00e9co-d\u00e9l\u00e9gu\u00e9s m\u00e8nent des actions concr\u00e8tes pour le d\u00e9veloppement durable.<\/li><li aria-level=\"1\"><b>Solidarit\u00e9 :<\/b> Nous formons les d\u00e9l\u00e9gu\u00e9s de classe pour qu&rsquo;ils jouent pleinement leur r\u00f4le aupr\u00e8s de leurs camarades.<\/li><\/ul><p>Nous restons \u00e0 votre enti\u00e8re disposition pour \u00e9changer sur l&rsquo;encadrement et le bien-\u00eatre de votre enfant au sein de notre \u00e9tablissement.<\/p><p>\u00a0<\/p>\t\t\t\t\t\t\t\t<\/div>\n\t\t\t\t\t<\/div>\n\t\t\t\t<\/div>\n\t\t\t\t<\/div>\n\t\t","protected":false},"excerpt":{"rendered":"<p>Une \u00c9quipe Structur\u00e9e et Pr\u00e9sente Nous assurons une pr\u00e9sence adulte bienveillante et continue, adapt\u00e9e \u00e0 l&rsquo;\u00e2ge des \u00e9l\u00e8ves : Au Secondaire : L&rsquo;\u00e9quipe est encadr\u00e9e par un Conseiller Principal d&rsquo;\u00c9ducation (CPE) et compos\u00e9e de 7 assistants d&rsquo;\u00e9ducation (AED) qui assurent le suivi quotidien. \u00c0 l&rsquo;\u00c9cole Primaire : Des responsables de Vie Scolaire veillent sur les [&hellip;]<\/p>\n","protected":false},"author":1,"featured_media":499,"parent":114,"menu_order":0,"comment_status":"closed","ping_status":"closed","template":"","meta":{"_acf_changed":false,"footnotes":""},"class_list":["post-116","page","type-page","status-publish","has-post-thumbnail","hentry"],"acf":[],"_links":{"self":[{"href":"https:\/\/lak.edu.lb\/en\/wp-json\/wp\/v2\/pages\/116","targetHints":{"allow":["GET"]}}],"collection":[{"href":"https:\/\/lak.edu.lb\/en\/wp-json\/wp\/v2\/pages"}],"about":[{"href":"https:\/\/lak.edu.lb\/en\/wp-json\/wp\/v2\/types\/page"}],"author":[{"embeddable":true,"href":"https:\/\/lak.edu.lb\/en\/wp-json\/wp\/v2\/users\/1"}],"replies":[{"embeddable":true,"href":"https:\/\/lak.edu.lb\/en\/wp-json\/wp\/v2\/comments?post=116"}],"version-history":[{"count":14,"href":"https:\/\/lak.edu.lb\/en\/wp-json\/wp\/v2\/pages\/116\/revisions"}],"predecessor-version":[{"id":816,"href":"https:\/\/lak.edu.lb\/en\/wp-json\/wp\/v2\/pages\/116\/revisions\/816"}],"up":[{"embeddable":true,"href":"https:\/\/lak.edu.lb\/en\/wp-json\/wp\/v2\/pages\/114"}],"wp:featuredmedia":[{"embeddable":true,"href":"https:\/\/lak.edu.lb\/en\/wp-json\/wp\/v2\/media\/499"}],"wp:attachment":[{"href":"https:\/\/lak.edu.lb\/en\/wp-json\/wp\/v2\/media?parent=116"}],"curies":[{"name":"wp","href":"https:\/\/api.w.org\/{rel}","templated":true}]}}