{"id":122,"date":"2026-01-26T17:11:35","date_gmt":"2026-01-26T17:11:35","guid":{"rendered":"https:\/\/lak.im-nomade.com\/?page_id=122"},"modified":"2026-03-07T06:59:54","modified_gmt":"2026-03-07T06:59:54","slug":"sante-bien-etre","status":"publish","type":"page","link":"https:\/\/lak.edu.lb\/en\/vie-a-lecole\/sante-bien-etre\/","title":{"rendered":"Health &amp; well-being"},"content":{"rendered":"<div data-elementor-type=\"wp-page\" data-elementor-id=\"122\" class=\"elementor elementor-122\" data-elementor-post-type=\"page\">\n\t\t\t\t<div class=\"elementor-element elementor-element-13546fe e-flex e-con-boxed e-con e-parent\" data-id=\"13546fe\" data-element_type=\"container\" data-e-type=\"container\">\n\t\t\t\t\t<div class=\"e-con-inner\">\n\t\t\t\t<div class=\"elementor-element elementor-element-569775e elementor-widget elementor-widget-heading\" data-id=\"569775e\" data-element_type=\"widget\" data-e-type=\"widget\" data-widget_type=\"heading.default\">\n\t\t\t\t\t<h2 class=\"elementor-heading-title elementor-size-default\">Une \u00e9quipe pr\u00e9sente au quotidien pour vos enfants\n\n\n\n<\/h2>\t\t\t\t<\/div>\n\t\t\t\t<div class=\"elementor-element elementor-element-28782a4 elementor-widget elementor-widget-text-editor\" data-id=\"28782a4\" data-element_type=\"widget\" data-e-type=\"widget\" data-widget_type=\"text-editor.default\">\n\t\t\t\t\t\t\t\t\t<p>Pour r\u00e9pondre aux besoins sp\u00e9cifiques de chaque \u00e2ge, nos r\u00e9f\u00e9rents assurent un encadrement de proximit\u00e9 et une \u00e9coute constante :<\/p><ul><li aria-level=\"1\"><b>En Maternelle et \u00c9l\u00e9mentaire<\/b> : des r\u00e9f\u00e9rentes Vie Scolaire d\u00e9di\u00e9es veillent au bien-\u00eatre des plus petits et assurent le lien entre l&rsquo;\u00e9cole et la maison.<\/li><li aria-level=\"1\"><b>Au Secondaire<\/b> : un Conseiller Principal d\u2019\u00c9ducation (CPE), soutenu par une \u00e9quipe de surveillantes, coordonne la vie scolaire et accompagne les \u00e9l\u00e8ves dans leur gain d&rsquo;autonomie.<\/li><li aria-level=\"1\"><b>Soutien Psychologique<\/b> : deux psychologues scolaires (une pour l&rsquo;\u00e9l\u00e9mentaire et une pour le secondaire) offrent un espace d&rsquo;\u00e9coute et d&rsquo;accompagnement \u00e9motionnel.<\/li><li aria-level=\"1\"><b>Orientation<\/b> : notre conseill\u00e8re d&rsquo;orientation aide les \u00e9l\u00e8ves \u00e0 construire leur projet d&rsquo;avenir et \u00e0 pr\u00e9parer leurs choix d&rsquo;\u00e9tudes sup\u00e9rieures.<\/li><\/ul>\t\t\t\t\t\t\t\t<\/div>\n\t\t\t\t\t<\/div>\n\t\t\t\t<\/div>\n\t\t<div class=\"elementor-element elementor-element-8bf0845 e-flex e-con-boxed e-con e-parent\" data-id=\"8bf0845\" data-element_type=\"container\" data-e-type=\"container\">\n\t\t\t\t\t<div class=\"e-con-inner\">\n\t\t\t\t<div class=\"elementor-element elementor-element-1482a31 elementor-widget elementor-widget-heading\" data-id=\"1482a31\" data-element_type=\"widget\" data-e-type=\"widget\" data-widget_type=\"heading.default\">\n\t\t\t\t\t<h2 class=\"elementor-heading-title elementor-size-default\">Le PASS : un service exclusif pour simplifier le soin\n\n\n\n\n<\/h2>\t\t\t\t<\/div>\n\t\t\t\t<div class=\"elementor-element elementor-element-5470570 elementor-widget elementor-widget-text-editor\" data-id=\"5470570\" data-element_type=\"widget\" data-e-type=\"widget\" data-widget_type=\"text-editor.default\">\n\t\t\t\t\t\t\t\t\t<p>Ouvert depuis septembre 2025, le <b>PASS (P\u00f4le d\u2019Accompagnement de Suivi et de Soin)<\/b> est une innovation majeure de notre \u00e9tablissement pour soutenir les familles. Situ\u00e9 au rez-de-chauss\u00e9e pr\u00e8s de l&rsquo;accueil, cet espace de bureaux facilite la prise en charge des \u00e9l\u00e8ves \u00e0 besoins \u00e9ducatifs particuliers (EBEP).<\/p><p>Le PASS permet \u00e0 des professionnels externes d&rsquo;intervenir directement sur place :<\/p><ul><li aria-level=\"1\"><b>Professionnels accueillis<\/b> : orthophonistes, psychomotriciens et psychologues.<\/li><li aria-level=\"1\"><b>Les avantages<\/b> : moins de fatigue pour l&rsquo;enfant, un gain de temps pour les parents et une meilleure r\u00e9gularit\u00e9 des suivis.<\/li><li aria-level=\"1\"><b>Simplicit\u00e9<\/b> : les modalit\u00e9s de suivi ne changent pas, seul le lieu est optimis\u00e9 pour la r\u00e9ussite de l&rsquo;\u00e9l\u00e8ve.<\/li><\/ul>\t\t\t\t\t\t\t\t<\/div>\n\t\t\t\t<div class=\"elementor-element elementor-element-f9fd759 elementor-widget elementor-widget-video\" data-id=\"f9fd759\" data-element_type=\"widget\" data-e-type=\"widget\" data-settings=\"{&quot;video_type&quot;:&quot;hosted&quot;,&quot;controls&quot;:&quot;yes&quot;}\" data-widget_type=\"video.default\">\n\t\t\t\t\t\t\t<div class=\"e-hosted-video elementor-wrapper elementor-open-inline\">\n\t\t\t\t\t<video class=\"elementor-video\" src=\"https:\/\/lak.edu.lb\/wp-content\/uploads\/2026\/03\/PASS-au-LAK.mp4\" controls=\"\" preload=\"metadata\" controlslist=\"nodownload\"><\/video>\n\t\t\t\t<\/div>\n\t\t\t\t\t\t<\/div>\n\t\t\t\t\t<\/div>\n\t\t\t\t<\/div>\n\t\t<div class=\"elementor-element elementor-element-1a5c9dd e-flex e-con-boxed e-con e-parent\" data-id=\"1a5c9dd\" data-element_type=\"container\" data-e-type=\"container\">\n\t\t\t\t\t<div class=\"e-con-inner\">\n\t\t\t\t<div class=\"elementor-element elementor-element-3d4f40d elementor-widget elementor-widget-heading\" data-id=\"3d4f40d\" data-element_type=\"widget\" data-e-type=\"widget\" data-widget_type=\"heading.default\">\n\t\t\t\t\t<h2 class=\"elementor-heading-title elementor-size-default\">Un partenariat fort avec les familles\n\n\n\n\n\n<\/h2>\t\t\t\t<\/div>\n\t\t<div class=\"elementor-element elementor-element-4569e02 e-con-full e-flex e-con e-child\" data-id=\"4569e02\" data-element_type=\"container\" data-e-type=\"container\">\n\t\t\t\t<div class=\"elementor-element elementor-element-37d928f elementor-widget elementor-widget-text-editor\" data-id=\"37d928f\" data-element_type=\"widget\" data-e-type=\"widget\" data-widget_type=\"text-editor.default\">\n\t\t\t\t\t\t\t\t\t<p>La r\u00e9ussite de nos \u00e9l\u00e8ves repose sur une communication transparente et des outils modernes :<\/p><ul><li aria-level=\"1\"><b>Suivi en temps r\u00e9el<\/b> : via la plateforme Pronote pour consulter les r\u00e9sultats et l&rsquo;assiduit\u00e9.<\/li><li aria-level=\"1\"><b>\u00c9changes r\u00e9guliers<\/b> : des rencontres fr\u00e9quentes entre l&rsquo;\u00e9quipe p\u00e9dagogique et les parents.<\/li><li aria-level=\"1\"><b>Engagement inclusif<\/b> : le LAK confirme sa volont\u00e9 d&rsquo;\u00eatre une \u00e9cole qui accueille et accompagne chaque profil d&rsquo;\u00e9l\u00e8ve.<\/li><\/ul>\t\t\t\t\t\t\t\t<\/div>\n\t\t\t\t<div class=\"elementor-element elementor-element-c0c8690 elementor-widget elementor-widget-image\" data-id=\"c0c8690\" data-element_type=\"widget\" data-e-type=\"widget\" data-widget_type=\"image.default\">\n\t\t\t\t\t\t\t\t\t\t\t\t\t\t\t<img fetchpriority=\"high\" decoding=\"async\" width=\"768\" height=\"1024\" src=\"https:\/\/lak.edu.lb\/wp-content\/uploads\/2026\/02\/IMG_6178-e1772866781543-768x1024.jpeg\" class=\"attachment-large size-large wp-image-524\" alt=\"\" srcset=\"https:\/\/lak.edu.lb\/wp-content\/uploads\/2026\/02\/IMG_6178-e1772866781543-768x1024.jpeg 768w, https:\/\/lak.edu.lb\/wp-content\/uploads\/2026\/02\/IMG_6178-e1772866781543-225x300.jpeg 225w, https:\/\/lak.edu.lb\/wp-content\/uploads\/2026\/02\/IMG_6178-e1772866781543-1152x1536.jpeg 1152w, https:\/\/lak.edu.lb\/wp-content\/uploads\/2026\/02\/IMG_6178-e1772866781543-9x12.jpeg 9w, https:\/\/lak.edu.lb\/wp-content\/uploads\/2026\/02\/IMG_6178-e1772866781543.jpeg 1512w\" sizes=\"(max-width: 768px) 100vw, 768px\" \/>\t\t\t\t\t\t\t\t\t\t\t\t\t\t\t<\/div>\n\t\t\t\t<\/div>\n\t\t\t\t\t<\/div>\n\t\t\t\t<\/div>\n\t\t\t\t<\/div>","protected":false},"excerpt":{"rendered":"<p>Une \u00e9quipe pr\u00e9sente au quotidien pour vos enfants Pour r\u00e9pondre aux besoins sp\u00e9cifiques de chaque \u00e2ge, nos r\u00e9f\u00e9rents assurent un encadrement de proximit\u00e9 et une \u00e9coute constante : En Maternelle et \u00c9l\u00e9mentaire : des r\u00e9f\u00e9rentes Vie Scolaire d\u00e9di\u00e9es veillent au bien-\u00eatre des plus petits et assurent le lien entre l&rsquo;\u00e9cole et la maison. Au Secondaire [&hellip;]<\/p>\n","protected":false},"author":1,"featured_media":0,"parent":114,"menu_order":0,"comment_status":"closed","ping_status":"closed","template":"","meta":{"_acf_changed":false,"footnotes":""},"class_list":["post-122","page","type-page","status-publish","hentry"],"acf":[],"_links":{"self":[{"href":"https:\/\/lak.edu.lb\/en\/wp-json\/wp\/v2\/pages\/122","targetHints":{"allow":["GET"]}}],"collection":[{"href":"https:\/\/lak.edu.lb\/en\/wp-json\/wp\/v2\/pages"}],"about":[{"href":"https:\/\/lak.edu.lb\/en\/wp-json\/wp\/v2\/types\/page"}],"author":[{"embeddable":true,"href":"https:\/\/lak.edu.lb\/en\/wp-json\/wp\/v2\/users\/1"}],"replies":[{"embeddable":true,"href":"https:\/\/lak.edu.lb\/en\/wp-json\/wp\/v2\/comments?post=122"}],"version-history":[{"count":11,"href":"https:\/\/lak.edu.lb\/en\/wp-json\/wp\/v2\/pages\/122\/revisions"}],"predecessor-version":[{"id":863,"href":"https:\/\/lak.edu.lb\/en\/wp-json\/wp\/v2\/pages\/122\/revisions\/863"}],"up":[{"embeddable":true,"href":"https:\/\/lak.edu.lb\/en\/wp-json\/wp\/v2\/pages\/114"}],"wp:attachment":[{"href":"https:\/\/lak.edu.lb\/en\/wp-json\/wp\/v2\/media?parent=122"}],"curies":[{"name":"wp","href":"https:\/\/api.w.org\/{rel}","templated":true}]}}