{"id":124,"date":"2026-01-26T17:11:48","date_gmt":"2026-01-26T17:11:48","guid":{"rendered":"https:\/\/lak.im-nomade.com\/?page_id=124"},"modified":"2026-03-07T07:01:36","modified_gmt":"2026-03-07T07:01:36","slug":"cdi-bcd","status":"publish","type":"page","link":"https:\/\/lak.edu.lb\/en\/vie-a-lecole\/cdi-bcd\/","title":{"rendered":"CDI &amp; BCD"},"content":{"rendered":"<div data-elementor-type=\"wp-page\" data-elementor-id=\"124\" class=\"elementor elementor-124\" data-elementor-post-type=\"page\">\n\t\t\t\t<div class=\"elementor-element elementor-element-209fd12 e-flex e-con-boxed e-con e-parent\" data-id=\"209fd12\" data-element_type=\"container\" data-e-type=\"container\">\n\t\t\t\t\t<div class=\"e-con-inner\">\n\t\t<div class=\"elementor-element elementor-element-77ac8ee e-con-full e-flex e-con e-child\" data-id=\"77ac8ee\" data-element_type=\"container\" data-e-type=\"container\" data-settings=\"{&quot;background_background&quot;:&quot;classic&quot;}\">\n\t\t\t\t<div class=\"elementor-element elementor-element-c927d37 elementor-widget elementor-widget-spacer\" data-id=\"c927d37\" data-element_type=\"widget\" data-e-type=\"widget\" data-widget_type=\"spacer.default\">\n\t\t\t\t\t\t\t<div class=\"elementor-spacer\">\n\t\t\t<div class=\"elementor-spacer-inner\"><\/div>\n\t\t<\/div>\n\t\t\t\t\t\t<\/div>\n\t\t\t\t<\/div>\n\t\t<div class=\"elementor-element elementor-element-bf0c48d e-con-full e-flex e-con e-child\" data-id=\"bf0c48d\" data-element_type=\"container\" data-e-type=\"container\">\n\t\t\t\t<div class=\"elementor-element elementor-element-bb4933e elementor-widget elementor-widget-heading\" data-id=\"bb4933e\" data-element_type=\"widget\" data-e-type=\"widget\" data-widget_type=\"heading.default\">\n\t\t\t\t\t<h3 class=\"elementor-heading-title elementor-size-default\">\u00c9veil et imaginaire en maternelle : la Marmoth\u00e8que (MCD)\n<\/h3>\t\t\t\t<\/div>\n\t\t\t\t<div class=\"elementor-element elementor-element-8d55eef elementor-widget elementor-widget-text-editor\" data-id=\"8d55eef\" data-element_type=\"widget\" data-e-type=\"widget\" data-widget_type=\"text-editor.default\">\n\t\t\t\t\t\t\t\t\t<p>La Marmoth\u00e8que est un cocon chaleureux r\u00e9serv\u00e9 \u00e0 nos plus jeunes \u00e9l\u00e8ves. Cet espace stimule leur curiosit\u00e9 naturelle et les initie au plaisir des livres d\u00e8s le plus jeune \u00e2ge.<\/p><ul><li aria-level=\"1\">D\u00e9veloppement de l&rsquo;imagination par le r\u00e9cit.<\/li><li aria-level=\"1\">Premiers contacts avec l&rsquo;objet livre.<\/li><li aria-level=\"1\">Activit\u00e9s d&rsquo;\u00e9veil au calme et \u00e0 l&rsquo;\u00e9coute.<\/li><\/ul>\t\t\t\t\t\t\t\t<\/div>\n\t\t\t\t<\/div>\n\t\t\t\t\t<\/div>\n\t\t\t\t<\/div>\n\t\t<div class=\"elementor-element elementor-element-3169391 e-flex e-con-boxed e-con e-parent\" data-id=\"3169391\" data-element_type=\"container\" data-e-type=\"container\">\n\t\t\t\t\t<div class=\"e-con-inner\">\n\t\t<div class=\"elementor-element elementor-element-c24dd58 e-con-full e-flex e-con e-child\" data-id=\"c24dd58\" data-element_type=\"container\" data-e-type=\"container\" data-settings=\"{&quot;background_background&quot;:&quot;classic&quot;}\">\n\t\t\t\t<div class=\"elementor-element elementor-element-20921d5 elementor-widget elementor-widget-spacer\" data-id=\"20921d5\" data-element_type=\"widget\" data-e-type=\"widget\" data-widget_type=\"spacer.default\">\n\t\t\t\t\t\t\t<div class=\"elementor-spacer\">\n\t\t\t<div class=\"elementor-spacer-inner\"><\/div>\n\t\t<\/div>\n\t\t\t\t\t\t<\/div>\n\t\t\t\t<\/div>\n\t\t<div class=\"elementor-element elementor-element-9aef800 e-con-full e-flex e-con e-child\" data-id=\"9aef800\" data-element_type=\"container\" data-e-type=\"container\">\n\t\t\t\t<div class=\"elementor-element elementor-element-1eda83d elementor-widget elementor-widget-heading\" data-id=\"1eda83d\" data-element_type=\"widget\" data-e-type=\"widget\" data-widget_type=\"heading.default\">\n\t\t\t\t\t<h3 class=\"elementor-heading-title elementor-size-default\">D\u00e9couverte et autonomie en \u00e9l\u00e9mentaire : la Biblioth\u00e8que (BCD)\n\n<\/h3>\t\t\t\t<\/div>\n\t\t\t\t<div class=\"elementor-element elementor-element-873e820 elementor-widget elementor-widget-text-editor\" data-id=\"873e820\" data-element_type=\"widget\" data-e-type=\"widget\" data-widget_type=\"text-editor.default\">\n\t\t\t\t\t\t\t\t\t<p>La Biblioth\u00e8que Centre de Documentation accompagne les \u00e9l\u00e8ves de l&rsquo;\u00e9cole primaire dans leur apprentissage de la lecture. C&rsquo;est un lieu vivant qui propose des ressources vari\u00e9es pour apprendre et s&rsquo;\u00e9vader.<\/p><ul><li aria-level=\"1\">Large choix d&rsquo;albums jeunesse et de documentaires.<\/li><li aria-level=\"1\">Accompagnement vers une lecture autonome.<\/li><li aria-level=\"1\">Espace de recherche pour les projets de classe.<\/li><\/ul>\t\t\t\t\t\t\t\t<\/div>\n\t\t\t\t<\/div>\n\t\t\t\t\t<\/div>\n\t\t\t\t<\/div>\n\t\t<div class=\"elementor-element elementor-element-8b12445 e-flex e-con-boxed e-con e-parent\" data-id=\"8b12445\" data-element_type=\"container\" data-e-type=\"container\">\n\t\t\t\t\t<div class=\"e-con-inner\">\n\t\t<div class=\"elementor-element elementor-element-a1a905f e-con-full e-flex e-con e-child\" data-id=\"a1a905f\" data-element_type=\"container\" data-e-type=\"container\" data-settings=\"{&quot;background_background&quot;:&quot;classic&quot;}\">\n\t\t\t\t<div class=\"elementor-element elementor-element-3e042cc elementor-widget elementor-widget-spacer\" data-id=\"3e042cc\" data-element_type=\"widget\" data-e-type=\"widget\" data-widget_type=\"spacer.default\">\n\t\t\t\t\t\t\t<div class=\"elementor-spacer\">\n\t\t\t<div class=\"elementor-spacer-inner\"><\/div>\n\t\t<\/div>\n\t\t\t\t\t\t<\/div>\n\t\t\t\t<\/div>\n\t\t<div class=\"elementor-element elementor-element-9bb608f e-con-full e-flex e-con e-child\" data-id=\"9bb608f\" data-element_type=\"container\" data-e-type=\"container\">\n\t\t\t\t<div class=\"elementor-element elementor-element-c4f9139 elementor-widget elementor-widget-heading\" data-id=\"c4f9139\" data-element_type=\"widget\" data-e-type=\"widget\" data-widget_type=\"heading.default\">\n\t\t\t\t\t<h3 class=\"elementor-heading-title elementor-size-default\">Recherche et collaboration au secondaire : le Centre de Culture et de Connaissances (CCC)\n\n<\/h3>\t\t\t\t<\/div>\n\t\t\t\t<div class=\"elementor-element elementor-element-b5148c9 elementor-widget elementor-widget-text-editor\" data-id=\"b5148c9\" data-element_type=\"widget\" data-e-type=\"widget\" data-widget_type=\"text-editor.default\">\n\t\t\t\t\t\t\t\t\t<p>Le CCC est un espace moderne et polyvalent destin\u00e9 aux coll\u00e9giens et lyc\u00e9ens. Bien plus qu&rsquo;une biblioth\u00e8que, c&rsquo;est un centre de ressources collaboratif tourn\u00e9 vers le monde de demain.<\/p><ul><li aria-level=\"1\">Acc\u00e8s aux ressources documentaires num\u00e9riques et papier.<\/li><li aria-level=\"1\">Espaces de travail en groupe et de cr\u00e9ation.<\/li><li aria-level=\"1\">Lieu d&rsquo;\u00e9change pour d\u00e9velopper l&rsquo;esprit critique.<\/li><\/ul><p>.<\/p>\t\t\t\t\t\t\t\t<\/div>\n\t\t\t\t<\/div>\n\t\t\t\t\t<\/div>\n\t\t\t\t<\/div>\n\t\t\t\t<\/div>","protected":false},"excerpt":{"rendered":"<p>\u00c9veil et imaginaire en maternelle : la Marmoth\u00e8que (MCD) La Marmoth\u00e8que est un cocon chaleureux r\u00e9serv\u00e9 \u00e0 nos plus jeunes \u00e9l\u00e8ves. Cet espace stimule leur curiosit\u00e9 naturelle et les initie au plaisir des livres d\u00e8s le plus jeune \u00e2ge. D\u00e9veloppement de l&rsquo;imagination par le r\u00e9cit. Premiers contacts avec l&rsquo;objet livre. Activit\u00e9s d&rsquo;\u00e9veil au calme et [&hellip;]<\/p>\n","protected":false},"author":1,"featured_media":507,"parent":114,"menu_order":0,"comment_status":"closed","ping_status":"closed","template":"","meta":{"_acf_changed":false,"footnotes":""},"class_list":["post-124","page","type-page","status-publish","has-post-thumbnail","hentry"],"acf":[],"_links":{"self":[{"href":"https:\/\/lak.edu.lb\/en\/wp-json\/wp\/v2\/pages\/124","targetHints":{"allow":["GET"]}}],"collection":[{"href":"https:\/\/lak.edu.lb\/en\/wp-json\/wp\/v2\/pages"}],"about":[{"href":"https:\/\/lak.edu.lb\/en\/wp-json\/wp\/v2\/types\/page"}],"author":[{"embeddable":true,"href":"https:\/\/lak.edu.lb\/en\/wp-json\/wp\/v2\/users\/1"}],"replies":[{"embeddable":true,"href":"https:\/\/lak.edu.lb\/en\/wp-json\/wp\/v2\/comments?post=124"}],"version-history":[{"count":11,"href":"https:\/\/lak.edu.lb\/en\/wp-json\/wp\/v2\/pages\/124\/revisions"}],"predecessor-version":[{"id":868,"href":"https:\/\/lak.edu.lb\/en\/wp-json\/wp\/v2\/pages\/124\/revisions\/868"}],"up":[{"embeddable":true,"href":"https:\/\/lak.edu.lb\/en\/wp-json\/wp\/v2\/pages\/114"}],"wp:featuredmedia":[{"embeddable":true,"href":"https:\/\/lak.edu.lb\/en\/wp-json\/wp\/v2\/media\/507"}],"wp:attachment":[{"href":"https:\/\/lak.edu.lb\/en\/wp-json\/wp\/v2\/media?parent=124"}],"curies":[{"name":"wp","href":"https:\/\/api.w.org\/{rel}","templated":true}]}}