{"id":138,"date":"2026-01-26T17:14:01","date_gmt":"2026-01-26T17:14:01","guid":{"rendered":"https:\/\/lak.im-nomade.com\/?page_id=138"},"modified":"2026-02-27T08:04:20","modified_gmt":"2026-02-27T08:04:20","slug":"pourquoi-choisir-le-lak","status":"publish","type":"page","link":"https:\/\/lak.edu.lb\/en\/admissions\/pourquoi-choisir-le-lak\/","title":{"rendered":"Why choose LAK?"},"content":{"rendered":"\t\t<div data-elementor-type=\"wp-page\" data-elementor-id=\"138\" class=\"elementor elementor-138\" data-elementor-post-type=\"page\">\n\t\t\t\t<div class=\"elementor-element elementor-element-7c407dc e-flex e-con-boxed e-con e-parent\" data-id=\"7c407dc\" data-element_type=\"container\" data-e-type=\"container\">\n\t\t\t\t\t<div class=\"e-con-inner\">\n\t\t\t\t<div class=\"elementor-element elementor-element-4dcba26 elementor-widget elementor-widget-heading\" data-id=\"4dcba26\" data-element_type=\"widget\" data-e-type=\"widget\" data-widget_type=\"heading.default\">\n\t\t\t\t\t<h2 class=\"elementor-heading-title elementor-size-default\">Un accompagnement humain et personnalis\u00e9\n\n\n\n\n<\/h2>\t\t\t\t<\/div>\n\t\t\t\t<div class=\"elementor-element elementor-element-ee04272 elementor-widget elementor-widget-text-editor\" data-id=\"ee04272\" data-element_type=\"widget\" data-e-type=\"widget\" data-widget_type=\"text-editor.default\">\n\t\t\t\t\t\t\t\t\t<p>Au sein de notre \u00e9tablissement, nous cultivons une atmosph\u00e8re de proximit\u00e9 o\u00f9 chaque enfant est reconnu et valoris\u00e9 pour ce qu\u2019il est. Nous privil\u00e9gions une structure \u00e0 taille humaine pour garantir un dialogue permanent entre l\u2019\u00e9cole et les familles. Nos \u00e9quipes p\u00e9dagogiques et \u00e9ducatives agissent comme de v\u00e9ritables partenaires, accessibles et pleinement investis. Ce suivi quotidien, bas\u00e9 sur une \u00e9coute active et une connaissance approfondie de chaque \u00e9l\u00e8ve, permet de faire appara\u00eetre le potentiel unique de chacun dans un cadre s\u00e9curisant et bienveillant.<\/p>\t\t\t\t\t\t\t\t<\/div>\n\t\t\t\t\t<\/div>\n\t\t\t\t<\/div>\n\t\t<div class=\"elementor-element elementor-element-372b931 e-flex e-con-boxed e-con e-parent\" data-id=\"372b931\" data-element_type=\"container\" data-e-type=\"container\">\n\t\t\t\t\t<div class=\"e-con-inner\">\n\t\t<div class=\"elementor-element elementor-element-9c9f1b2 e-con-full e-flex e-con e-child\" data-id=\"9c9f1b2\" data-element_type=\"container\" data-e-type=\"container\">\n\t\t\t\t<div class=\"elementor-element elementor-element-2270d7e elementor-widget elementor-widget-heading\" data-id=\"2270d7e\" data-element_type=\"widget\" data-e-type=\"widget\" data-widget_type=\"heading.default\">\n\t\t\t\t\t<h2 class=\"elementor-heading-title elementor-size-default\">L'excellence des valeurs de l'\u00e9cole fran\u00e7aise\n\n\n\n\n\n<\/h2>\t\t\t\t<\/div>\n\t\t\t\t<div class=\"elementor-element elementor-element-75d4bca elementor-widget elementor-widget-text-editor\" data-id=\"75d4bca\" data-element_type=\"widget\" data-e-type=\"widget\" data-widget_type=\"text-editor.default\">\n\t\t\t\t\t\t\t\t\t<p>Le LAK transmet des principes fondamentaux qui forgent l&rsquo;esprit et le caract\u00e8re :<\/p><ul><li aria-level=\"1\"><b>La la\u00efcit\u00e9 :<\/b> un cadre de respect mutuel et de libert\u00e9 de conscience.<\/li><li aria-level=\"1\"><b>L&rsquo;esprit critique :<\/b> apprendre \u00e0 observer, analyser et forger sa propre opinion.<\/li><li aria-level=\"1\"><b>La citoyennet\u00e9 :<\/b> devenir un acteur responsable, tol\u00e9rant et ouvert sur le monde.<\/li><li aria-level=\"1\"><b>L&rsquo;excellence :<\/b> viser la r\u00e9ussite scolaire gr\u00e2ce \u00e0 la rigueur du mod\u00e8le fran\u00e7ais.<\/li><\/ul>\t\t\t\t\t\t\t\t<\/div>\n\t\t\t\t<\/div>\n\t\t<div class=\"elementor-element elementor-element-958c354 e-con-full e-flex e-con e-child\" data-id=\"958c354\" data-element_type=\"container\" data-e-type=\"container\" data-settings=\"{&quot;background_background&quot;:&quot;slideshow&quot;,&quot;background_slideshow_gallery&quot;:[{&quot;id&quot;:830,&quot;url&quot;:&quot;https:\\\/\\\/lak.edu.lb\\\/wp-content\\\/uploads\\\/2026\\\/02\\\/IMG_9821.jpg&quot;},{&quot;id&quot;:831,&quot;url&quot;:&quot;https:\\\/\\\/lak.edu.lb\\\/wp-content\\\/uploads\\\/2026\\\/02\\\/IMG_8289-1.jpeg&quot;},{&quot;id&quot;:829,&quot;url&quot;:&quot;https:\\\/\\\/lak.edu.lb\\\/wp-content\\\/uploads\\\/2026\\\/02\\\/IMG_9005-1.png&quot;}],&quot;background_slideshow_ken_burns&quot;:&quot;yes&quot;,&quot;background_slideshow_loop&quot;:&quot;yes&quot;,&quot;background_slideshow_slide_duration&quot;:5000,&quot;background_slideshow_slide_transition&quot;:&quot;fade&quot;,&quot;background_slideshow_transition_duration&quot;:500,&quot;background_slideshow_ken_burns_zoom_direction&quot;:&quot;in&quot;}\">\n\t\t\t\t<div class=\"elementor-element elementor-element-31aa779 elementor-widget elementor-widget-spacer\" data-id=\"31aa779\" data-element_type=\"widget\" data-e-type=\"widget\" data-widget_type=\"spacer.default\">\n\t\t\t\t\t\t\t<div class=\"elementor-spacer\">\n\t\t\t<div class=\"elementor-spacer-inner\"><\/div>\n\t\t<\/div>\n\t\t\t\t\t\t<\/div>\n\t\t\t\t<\/div>\n\t\t\t\t\t<\/div>\n\t\t\t\t<\/div>\n\t\t<div class=\"elementor-element elementor-element-2bbc94f e-flex e-con-boxed e-con e-parent\" data-id=\"2bbc94f\" data-element_type=\"container\" data-e-type=\"container\">\n\t\t\t\t\t<div class=\"e-con-inner\">\n\t\t<div class=\"elementor-element elementor-element-ade834a e-con-full e-flex e-con e-child\" data-id=\"ade834a\" data-element_type=\"container\" data-e-type=\"container\" data-settings=\"{&quot;background_background&quot;:&quot;slideshow&quot;,&quot;background_slideshow_gallery&quot;:[{&quot;id&quot;:837,&quot;url&quot;:&quot;https:\\\/\\\/lak.edu.lb\\\/wp-content\\\/uploads\\\/2026\\\/02\\\/IMG_7145-1-rotated.jpeg&quot;},{&quot;id&quot;:838,&quot;url&quot;:&quot;https:\\\/\\\/lak.edu.lb\\\/wp-content\\\/uploads\\\/2026\\\/02\\\/IMG_8070-1-rotated.jpeg&quot;}],&quot;background_slideshow_ken_burns&quot;:&quot;yes&quot;,&quot;background_slideshow_loop&quot;:&quot;yes&quot;,&quot;background_slideshow_slide_duration&quot;:5000,&quot;background_slideshow_slide_transition&quot;:&quot;fade&quot;,&quot;background_slideshow_transition_duration&quot;:500,&quot;background_slideshow_ken_burns_zoom_direction&quot;:&quot;in&quot;}\">\n\t\t\t\t<\/div>\n\t\t<div class=\"elementor-element elementor-element-1ac1556 e-con-full e-flex e-con e-child\" data-id=\"1ac1556\" data-element_type=\"container\" data-e-type=\"container\">\n\t\t\t\t<div class=\"elementor-element elementor-element-f248834 elementor-widget elementor-widget-heading\" data-id=\"f248834\" data-element_type=\"widget\" data-e-type=\"widget\" data-widget_type=\"heading.default\">\n\t\t\t\t\t<h2 class=\"elementor-heading-title elementor-size-default\">Le trilinguisme : une ouverture au monde sans fronti\u00e8res\n\n\n\n\n\n\n<\/h2>\t\t\t\t<\/div>\n\t\t\t\t<div class=\"elementor-element elementor-element-447bd6d elementor-widget elementor-widget-text-editor\" data-id=\"447bd6d\" data-element_type=\"widget\" data-e-type=\"widget\" data-widget_type=\"text-editor.default\">\n\t\t\t\t\t\t\t\t\t<p>Votre enfant ne sera pas seulement bilingue : il ma\u00eetrisera parfaitement <b>le fran\u00e7ais, l&rsquo;arabe et l&rsquo;anglais<\/b>. Ce parcours trilingue est une opportunit\u00e9 cognitive et culturelle majeure :<\/p><ul><li aria-level=\"1\"><b>Performance c\u00e9r\u00e9brale :<\/b> le passage fluide entre trois langues d\u00e9veloppe une agilit\u00e9 mentale et une cr\u00e9ativit\u00e9 sup\u00e9rieures.<\/li><li aria-level=\"1\"><b>Ambition acad\u00e9mique :<\/b> une aisance linguistique totale pour int\u00e9grer les universit\u00e9s les plus prestigieuses \u00e0 l&rsquo;international.<\/li><li aria-level=\"1\"><b>Comp\u00e9tences de demain :<\/b> une capacit\u00e9 naturelle \u00e0 comprendre et \u00e0 naviguer entre les cultures.<\/li><\/ul>\t\t\t\t\t\t\t\t<\/div>\n\t\t\t\t<\/div>\n\t\t\t\t\t<\/div>\n\t\t\t\t<\/div>\n\t\t\t\t<\/div>\n\t\t","protected":false},"excerpt":{"rendered":"<p>Un accompagnement humain et personnalis\u00e9 Au sein de notre \u00e9tablissement, nous cultivons une atmosph\u00e8re de proximit\u00e9 o\u00f9 chaque enfant est reconnu et valoris\u00e9 pour ce qu\u2019il est. Nous privil\u00e9gions une structure \u00e0 taille humaine pour garantir un dialogue permanent entre l\u2019\u00e9cole et les familles. Nos \u00e9quipes p\u00e9dagogiques et \u00e9ducatives agissent comme de v\u00e9ritables partenaires, accessibles [&hellip;]<\/p>\n","protected":false},"author":1,"featured_media":0,"parent":136,"menu_order":0,"comment_status":"closed","ping_status":"closed","template":"","meta":{"_acf_changed":false,"footnotes":""},"class_list":["post-138","page","type-page","status-publish","hentry"],"acf":[],"_links":{"self":[{"href":"https:\/\/lak.edu.lb\/en\/wp-json\/wp\/v2\/pages\/138","targetHints":{"allow":["GET"]}}],"collection":[{"href":"https:\/\/lak.edu.lb\/en\/wp-json\/wp\/v2\/pages"}],"about":[{"href":"https:\/\/lak.edu.lb\/en\/wp-json\/wp\/v2\/types\/page"}],"author":[{"embeddable":true,"href":"https:\/\/lak.edu.lb\/en\/wp-json\/wp\/v2\/users\/1"}],"replies":[{"embeddable":true,"href":"https:\/\/lak.edu.lb\/en\/wp-json\/wp\/v2\/comments?post=138"}],"version-history":[{"count":11,"href":"https:\/\/lak.edu.lb\/en\/wp-json\/wp\/v2\/pages\/138\/revisions"}],"predecessor-version":[{"id":841,"href":"https:\/\/lak.edu.lb\/en\/wp-json\/wp\/v2\/pages\/138\/revisions\/841"}],"up":[{"embeddable":true,"href":"https:\/\/lak.edu.lb\/en\/wp-json\/wp\/v2\/pages\/136"}],"wp:attachment":[{"href":"https:\/\/lak.edu.lb\/en\/wp-json\/wp\/v2\/media?parent=138"}],"curies":[{"name":"wp","href":"https:\/\/api.w.org\/{rel}","templated":true}]}}