{"id":152,"date":"2026-01-26T17:15:35","date_gmt":"2026-01-26T17:15:35","guid":{"rendered":"https:\/\/lak.im-nomade.com\/?page_id=152"},"modified":"2026-02-24T09:30:27","modified_gmt":"2026-02-24T09:30:27","slug":"recrutement","status":"publish","type":"page","link":"https:\/\/lak.edu.lb\/en\/communaute\/recrutement\/","title":{"rendered":"Recruitment"},"content":{"rendered":"<div data-elementor-type=\"wp-page\" data-elementor-id=\"152\" class=\"elementor elementor-152\" data-elementor-post-type=\"page\">\n\t\t\t\t<div class=\"elementor-element elementor-element-dd97ee7 e-flex e-con-boxed e-con e-parent\" data-id=\"dd97ee7\" data-element_type=\"container\" data-e-type=\"container\">\n\t\t\t\t\t<div class=\"e-con-inner\">\n\t\t\t\t<div class=\"elementor-element elementor-element-03fba36 elementor-widget elementor-widget-heading\" data-id=\"03fba36\" data-element_type=\"widget\" data-e-type=\"widget\" data-widget_type=\"heading.default\">\n\t\t\t\t\t<h2 class=\"elementor-heading-title elementor-size-default\">Engagez-vous au sein d\u2019une institution qui investit dans votre talent.\n\n\n\n\n<\/h2>\t\t\t\t<\/div>\n\t\t\t\t<div class=\"elementor-element elementor-element-9d02614 elementor-widget elementor-widget-text-editor\" data-id=\"9d02614\" data-element_type=\"widget\" data-e-type=\"widget\" data-widget_type=\"text-editor.default\">\n\t\t\t\t\t\t\t\t\t<p>Int\u00e9grer le LAK, c\u2019est rejoindre un lyc\u00e9e particuli\u00e8rement soucieux de l\u2019accompagnement de ses enseignants, \u00e0 chaque \u00e9tape de leur carri\u00e8re.<\/p><p><b>Notre engagement pour votre d\u00e9veloppement professionnel :<\/b><\/p><ul><li aria-level=\"1\"><b>Pour les enseignants d\u00e9butants :<\/b> Un accompagnement sp\u00e9cifique via le <b>PaP (Parcours de Professionnalisation de l\u2019AEFE)<\/b>, garantissant une entr\u00e9e s\u00e9curis\u00e9e et structur\u00e9e dans le m\u00e9tier.<\/li><li aria-level=\"1\"><b>Pour tous nos collaborateurs :<\/b> Une politique de formation <b>obligatoire et encourag\u00e9e<\/b>, couvrant aussi bien les enjeux disciplinaires que les th\u00e9matiques transversales innovantes.<\/li><li aria-level=\"1\"><b>Un ancrage r\u00e9gional fort :<\/b> Gr\u00e2ce \u00e0 notre partenariat \u00e9troit avec l\u2019<b>IRF (Institut R\u00e9gional de Formation)<\/b> bas\u00e9 au CPF de Beyrouth, nos \u00e9quipes b\u00e9n\u00e9ficient d\u2019un acc\u00e8s privil\u00e9gi\u00e9 aux meilleures ressources p\u00e9dagogiques du r\u00e9seau.<\/li><\/ul><p>\u00a0<\/p><p><i>Vous souhaitez \u00e9voluer dans un environnement exigeant qui valorise votre progression et votre expertise ? Consultez nos offres ou transmettez-nous votre candidature spontan\u00e9e.<\/i><\/p>\t\t\t\t\t\t\t\t<\/div>\n\t\t\t\t<div class=\"elementor-element elementor-element-c4755b5 elementor-widget elementor-widget-button\" data-id=\"c4755b5\" data-element_type=\"widget\" data-e-type=\"widget\" data-widget_type=\"button.default\">\n\t\t\t\t\t\t\t\t\t\t<a class=\"elementor-button elementor-button-link elementor-size-sm\" href=\"https:\/\/lak.edu.lb\/en\/admissions\/procedure-dinscription\/\">\n\t\t\t\t\t\t<span class=\"elementor-button-content-wrapper\">\n\t\t\t\t\t\t<span class=\"elementor-button-icon\">\n\t\t\t\t<svg aria-hidden=\"true\" class=\"e-font-icon-svg e-fas-arrow-alt-circle-right\" viewbox=\"0 0 512 512\" xmlns=\"http:\/\/www.w3.org\/2000\/svg\"><path d=\"M256 8c137 0 248 111 248 248S393 504 256 504 8 393 8 256 119 8 256 8zM140 300h116v70.9c0 10.7 13 16.1 20.5 8.5l114.3-114.9c4.7-4.7 4.7-12.2 0-16.9l-114.3-115c-7.6-7.6-20.5-2.2-20.5 8.5V212H140c-6.6 0-12 5.4-12 12v64c0 6.6 5.4 12 12 12z\"><\/path><\/svg>\t\t\t<\/span>\n\t\t\t\t\t\t\t\t\t<span class=\"elementor-button-text\">D\u00e9poser une candidature<\/span>\n\t\t\t\t\t<\/span>\n\t\t\t\t\t<\/a>\n\t\t\t\t\t\t\t\t<\/div>\n\t\t\t\t<div class=\"elementor-element elementor-element-702bbbc elementor-widget elementor-widget-heading\" data-id=\"702bbbc\" data-element_type=\"widget\" data-e-type=\"widget\" data-widget_type=\"heading.default\">\n\t\t\t\t\t<h2 class=\"elementor-heading-title elementor-size-default\">Recrutement en cours : \n\n\n\n\n<\/h2>\t\t\t\t<\/div>\n\t\t\t\t<div class=\"elementor-element elementor-element-b4c3eeb elementor-widget elementor-widget-n-accordion\" data-id=\"b4c3eeb\" data-element_type=\"widget\" data-e-type=\"widget\" data-settings=\"{&quot;default_state&quot;:&quot;all_collapsed&quot;,&quot;max_items_expended&quot;:&quot;one&quot;,&quot;n_accordion_animation_duration&quot;:{&quot;unit&quot;:&quot;ms&quot;,&quot;size&quot;:400,&quot;sizes&quot;:[]}}\" data-widget_type=\"nested-accordion.default\">\n\t\t\t\t\t\t\t<div class=\"e-n-accordion\" aria-label=\"Accordion. Open links with Enter or Space, close with Escape, and navigate with Arrow Keys\">\n\t\t\t\t\t\t<details id=\"e-n-accordion-item-1890\" class=\"e-n-accordion-item\" >\n\t\t\t\t<summary class=\"e-n-accordion-item-title\" data-accordion-index=\"1\" tabindex=\"0\" aria-expanded=\"false\" aria-controls=\"e-n-accordion-item-1890\" >\n\t\t\t\t\t<span class='e-n-accordion-item-title-header'><div class=\"e-n-accordion-item-title-text\"> Fiche de Poste : Professeur de Philosophie  <\/div><\/span>\n\t\t\t\t\t\t\t<span class='e-n-accordion-item-title-icon'>\n\t\t\t<span class='e-opened' ><svg aria-hidden=\"true\" class=\"e-font-icon-svg e-fas-minus\" viewbox=\"0 0 448 512\" xmlns=\"http:\/\/www.w3.org\/2000\/svg\"><path d=\"M416 208H32c-17.67 0-32 14.33-32 32v32c0 17.67 14.33 32 32 32h384c17.67 0 32-14.33 32-32v-32c0-17.67-14.33-32-32-32z\"><\/path><\/svg><\/span>\n\t\t\t<span class='e-closed'><svg aria-hidden=\"true\" class=\"e-font-icon-svg e-fas-plus\" viewbox=\"0 0 448 512\" xmlns=\"http:\/\/www.w3.org\/2000\/svg\"><path d=\"M416 208H272V64c0-17.67-14.33-32-32-32h-32c-17.67 0-32 14.33-32 32v144H32c-17.67 0-32 14.33-32 32v32c0 17.67 14.33 32 32 32h144v144c0 17.67 14.33 32 32 32h32c17.67 0 32-14.33 32-32V304h144c17.67 0 32-14.33 32-32v-32c0-17.67-14.33-32-32-32z\"><\/path><\/svg><\/span>\n\t\t<\/span>\n\n\t\t\t\t\t\t<\/summary>\n\t\t\t\t<div role=\"region\" aria-labelledby=\"e-n-accordion-item-1890\" class=\"elementor-element elementor-element-160e2f2 e-con-full e-flex e-con e-child\" data-id=\"160e2f2\" data-element_type=\"container\" data-e-type=\"container\">\n\t\t\t\t<div class=\"elementor-element elementor-element-c14de49 elementor-widget elementor-widget-text-editor\" data-id=\"c14de49\" data-element_type=\"widget\" data-e-type=\"widget\" data-widget_type=\"text-editor.default\">\n\t\t\t\t\t\t\t\t\t<h3><b>Missions principales<\/b><\/h3><ul><li aria-level=\"1\"><b>Enseignement :<\/b> Assurer les cours de philosophie pour les classes de Terminale (toutes s\u00e9ries). Pr\u00e9paration intensive aux \u00e9preuves du Baccalaur\u00e9at fran\u00e7ais.<\/li><li aria-level=\"1\"><b>\u00c9valuation :<\/b> Mettre en \u0153uvre des modalit\u00e9s d&rsquo;\u00e9valuation diversifi\u00e9es, centr\u00e9es sur l&rsquo;acquisition des comp\u00e9tences critiques et de l&rsquo;argumentation<\/li><li aria-level=\"1\"><b>Accompagnement :<\/b> Guider les \u00e9l\u00e8ves dans leur r\u00e9flexion sur l&rsquo;orientation (Grand Oral, Parcoursup).<\/li><\/ul><h3><b>Engagement P\u00e9dagogique et Formation<\/b><\/h3><ul><li aria-level=\"1\"><b>Formation Continue :<\/b> Participation active aux plans de formation. Pour les profils d\u00e9butants, int\u00e9gration du <b>Professeurs \u00e0 professionnaliser (P\u00e0P)<\/b> de l&rsquo;AEFE. Pour les professeurs exp\u00e9riment\u00e9s, engagement dans les formations disciplinaires ou transversales.<\/li><li aria-level=\"1\"><b>Projets :<\/b> Participation aux projets transversaux (d\u00e9bats, ateliers philo, semaine de la presse) visant \u00e0 renforcer le climat scolaire et l&rsquo;esprit critique.<\/li><\/ul><h3><b>Profil recherch\u00e9<\/b><\/h3><ul><li aria-level=\"1\">Titulaire du CAPES ou de l&rsquo;Agr\u00e9gation (ou \u00e9quivalent dipl\u00f4mant).<\/li><li aria-level=\"1\">Expertise acad\u00e9mique solide et capacit\u00e9 \u00e0 s&rsquo;adapter au contexte biculturel franco-libanais.<\/li><li aria-level=\"1\">Rigueur institutionnelle, diplomatie et sens de l&rsquo;\u00e9coute.<\/li><\/ul><p>Rejoindre notre \u00e9quipe, c&rsquo;est int\u00e9grer un lyc\u00e9e qui place la <b>veille p\u00e9dagogique<\/b> au c\u0153ur de son fonctionnement. Nous offrons un cadre structur\u00e9 o\u00f9 chaque enseignant est accompagn\u00e9 pour \u00e9voluer, que ce soit par la formation disciplinaire ou par l&rsquo;implication dans des projets de l&rsquo;\u00e9tablissement.<\/p>\t\t\t\t\t\t\t\t<\/div>\n\t\t\t\t<\/div>\n\t\t\t\t\t<\/details>\n\t\t\t\t\t\t<details id=\"e-n-accordion-item-1891\" class=\"e-n-accordion-item\" >\n\t\t\t\t<summary class=\"e-n-accordion-item-title\" data-accordion-index=\"2\" tabindex=\"-1\" aria-expanded=\"false\" aria-controls=\"e-n-accordion-item-1891\" >\n\t\t\t\t\t<span class='e-n-accordion-item-title-header'><div class=\"e-n-accordion-item-title-text\"> Fiche de Poste : Professeur des \u00c9coles\u00a0 <\/div><\/span>\n\t\t\t\t\t\t\t<span class='e-n-accordion-item-title-icon'>\n\t\t\t<span class='e-opened' ><svg aria-hidden=\"true\" class=\"e-font-icon-svg e-fas-minus\" viewbox=\"0 0 448 512\" xmlns=\"http:\/\/www.w3.org\/2000\/svg\"><path d=\"M416 208H32c-17.67 0-32 14.33-32 32v32c0 17.67 14.33 32 32 32h384c17.67 0 32-14.33 32-32v-32c0-17.67-14.33-32-32-32z\"><\/path><\/svg><\/span>\n\t\t\t<span class='e-closed'><svg aria-hidden=\"true\" class=\"e-font-icon-svg e-fas-plus\" viewbox=\"0 0 448 512\" xmlns=\"http:\/\/www.w3.org\/2000\/svg\"><path d=\"M416 208H272V64c0-17.67-14.33-32-32-32h-32c-17.67 0-32 14.33-32 32v144H32c-17.67 0-32 14.33-32 32v32c0 17.67 14.33 32 32 32h144v144c0 17.67 14.33 32 32 32h32c17.67 0 32-14.33 32-32V304h144c17.67 0 32-14.33 32-32v-32c0-17.67-14.33-32-32-32z\"><\/path><\/svg><\/span>\n\t\t<\/span>\n\n\t\t\t\t\t\t<\/summary>\n\t\t\t\t<div role=\"region\" aria-labelledby=\"e-n-accordion-item-1891\" class=\"elementor-element elementor-element-2558330 e-con-full e-flex e-con e-child\" data-id=\"2558330\" data-element_type=\"container\" data-e-type=\"container\">\n\t\t\t\t<div class=\"elementor-element elementor-element-c190299 elementor-widget elementor-widget-text-editor\" data-id=\"c190299\" data-element_type=\"widget\" data-e-type=\"widget\" data-widget_type=\"text-editor.default\">\n\t\t\t\t\t\t\t\t\t<h3><b>Missions principales<\/b><\/h3><ul><li aria-level=\"1\"><b>Enseignement :<\/b> Assurer la polyvalence des enseignements en cycle 1, 2 ou 3, en respectant les programmes de l&rsquo;\u00c9ducation Nationale fran\u00e7aise.<\/li><li aria-level=\"1\"><b>Diff\u00e9renciation :<\/b> Mettre en place une p\u00e9dagogie diff\u00e9renci\u00e9e pour r\u00e9pondre \u00e0 l&rsquo;h\u00e9t\u00e9rog\u00e9n\u00e9it\u00e9 des \u00e9l\u00e8ves, notamment en contexte d&rsquo;enseignement plurilingue.<\/li><li aria-level=\"1\"><b>Innovation :<\/b> Int\u00e9grer les outils num\u00e9riques et les nouvelles approches (classe flexible, \u00e9valuation par comp\u00e9tences) au sein des pratiques de classe.<\/li><\/ul><h3><b>Culture de la Formation et D\u00e9veloppement<\/b><\/h3><ul><li aria-level=\"1\"><b>Priorit\u00e9 Institutionnelle :<\/b> L&rsquo;\u00e9tablissement \u00e9tant particuli\u00e8rement soucieux de l&rsquo;excellence de son corps enseignant, le candidat s&rsquo;engage dans un processus de formation obligatoire et encourag\u00e9.<\/li><li aria-level=\"1\"><b>Accompagnement :<\/b> Suivi rigoureux du <b>parcours <\/b>Professeurs \u00e0 professionnaliser <b>(P\u00e0P)<\/b> de l&rsquo;AEFE pour les nouveaux entrants.<\/li><\/ul><h3><b>Profil recherch\u00e9<\/b><\/h3><ul><li aria-level=\"1\">Professeur titulaire ou laur\u00e9at d&rsquo;un Master MEEF.<\/li><li aria-level=\"1\">Capacit\u00e9 \u00e0 travailler en \u00e9quipe (co-intervention, d\u00e9cloisonnement).<\/li><li aria-level=\"1\">Sensibilit\u00e9 aux enjeux du climat scolaire et aux relations parents-professeurs, fond\u00e9es sur la confiance et le professionnalisme institutionnel.<\/li><\/ul><p>Rejoindre notre \u00e9quipe, c&rsquo;est int\u00e9grer un lyc\u00e9e qui place la <b>veille p\u00e9dagogique<\/b> au c\u0153ur de son fonctionnement. Nous offrons un cadre structur\u00e9 o\u00f9 chaque enseignant est accompagn\u00e9 pour \u00e9voluer, que ce soit par la formation disciplinaire ou par l&rsquo;implication dans des projets de l&rsquo;\u00e9tablissement.<\/p>\t\t\t\t\t\t\t\t<\/div>\n\t\t\t\t<\/div>\n\t\t\t\t\t<\/details>\n\t\t\t\t\t<\/div>\n\t\t\t\t\t\t<\/div>\n\t\t\t\t\t<\/div>\n\t\t\t\t<\/div>\n\t\t\t\t<\/div>","protected":false},"excerpt":{"rendered":"<p>Engagez-vous au sein d\u2019une institution qui investit dans votre talent. Int\u00e9grer le LAK, c\u2019est rejoindre un lyc\u00e9e particuli\u00e8rement soucieux de l\u2019accompagnement de ses enseignants, \u00e0 chaque \u00e9tape de leur carri\u00e8re. Notre engagement pour votre d\u00e9veloppement professionnel : Pour les enseignants d\u00e9butants : Un accompagnement sp\u00e9cifique via le PaP (Parcours de Professionnalisation de l\u2019AEFE), garantissant une [&hellip;]<\/p>\n","protected":false},"author":1,"featured_media":390,"parent":146,"menu_order":0,"comment_status":"closed","ping_status":"closed","template":"","meta":{"_acf_changed":false,"footnotes":""},"class_list":["post-152","page","type-page","status-publish","has-post-thumbnail","hentry"],"acf":[],"_links":{"self":[{"href":"https:\/\/lak.edu.lb\/en\/wp-json\/wp\/v2\/pages\/152","targetHints":{"allow":["GET"]}}],"collection":[{"href":"https:\/\/lak.edu.lb\/en\/wp-json\/wp\/v2\/pages"}],"about":[{"href":"https:\/\/lak.edu.lb\/en\/wp-json\/wp\/v2\/types\/page"}],"author":[{"embeddable":true,"href":"https:\/\/lak.edu.lb\/en\/wp-json\/wp\/v2\/users\/1"}],"replies":[{"embeddable":true,"href":"https:\/\/lak.edu.lb\/en\/wp-json\/wp\/v2\/comments?post=152"}],"version-history":[{"count":14,"href":"https:\/\/lak.edu.lb\/en\/wp-json\/wp\/v2\/pages\/152\/revisions"}],"predecessor-version":[{"id":580,"href":"https:\/\/lak.edu.lb\/en\/wp-json\/wp\/v2\/pages\/152\/revisions\/580"}],"up":[{"embeddable":true,"href":"https:\/\/lak.edu.lb\/en\/wp-json\/wp\/v2\/pages\/146"}],"wp:featuredmedia":[{"embeddable":true,"href":"https:\/\/lak.edu.lb\/en\/wp-json\/wp\/v2\/media\/390"}],"wp:attachment":[{"href":"https:\/\/lak.edu.lb\/en\/wp-json\/wp\/v2\/media?parent=152"}],"curies":[{"name":"wp","href":"https:\/\/api.w.org\/{rel}","templated":true}]}}