{"id":404,"date":"2026-02-23T14:28:59","date_gmt":"2026-02-23T14:28:59","guid":{"rendered":"https:\/\/lak.im-nomade.com\/?page_id=404"},"modified":"2026-02-24T09:12:49","modified_gmt":"2026-02-24T09:12:49","slug":"news","status":"publish","type":"page","link":"https:\/\/lak.edu.lb\/en\/vie-a-lecole\/news\/","title":{"rendered":"News"},"content":{"rendered":"<div data-elementor-type=\"wp-page\" data-elementor-id=\"404\" class=\"elementor elementor-404\" data-elementor-post-type=\"page\">\n\t\t\t\t<div class=\"elementor-element elementor-element-115123f e-flex e-con-boxed e-con e-parent\" data-id=\"115123f\" data-element_type=\"container\" data-e-type=\"container\">\n\t\t\t\t\t<div class=\"e-con-inner\">\n\t\t\t\t<div class=\"elementor-element elementor-element-370610d elementor-grid-3 elementor-grid-tablet-2 elementor-grid-mobile-1 elementor-posts--thumbnail-top elementor-posts--show-avatar elementor-card-shadow-yes elementor-posts__hover-gradient elementor-widget elementor-widget-posts\" data-id=\"370610d\" data-element_type=\"widget\" data-e-type=\"widget\" data-settings=\"{&quot;cards_columns&quot;:&quot;3&quot;,&quot;cards_columns_tablet&quot;:&quot;2&quot;,&quot;cards_columns_mobile&quot;:&quot;1&quot;,&quot;cards_row_gap&quot;:{&quot;unit&quot;:&quot;px&quot;,&quot;size&quot;:35,&quot;sizes&quot;:[]},&quot;cards_row_gap_tablet&quot;:{&quot;unit&quot;:&quot;px&quot;,&quot;size&quot;:&quot;&quot;,&quot;sizes&quot;:[]},&quot;cards_row_gap_mobile&quot;:{&quot;unit&quot;:&quot;px&quot;,&quot;size&quot;:&quot;&quot;,&quot;sizes&quot;:[]}}\" data-widget_type=\"posts.cards\">\n\t\t\t\t<div class=\"elementor-widget-container\">\n\t\t\t\t\t\t\t<div class=\"elementor-posts-container elementor-posts elementor-posts--skin-cards elementor-grid\" role=\"list\">\n\t\t\t\t<article class=\"elementor-post elementor-grid-item post-949 post type-post status-publish format-standard has-post-thumbnail hentry category-scolarite\" role=\"listitem\">\n\t\t\t<div class=\"elementor-post__card\">\n\t\t\t\t<a class=\"elementor-post__thumbnail__link\" href=\"https:\/\/lak.edu.lb\/en\/2026\/04\/03\/reprise-cours-elementaire-college-verdun\/\" tabindex=\"-1\" ><div class=\"elementor-post__thumbnail\"><img fetchpriority=\"high\" decoding=\"async\" width=\"300\" height=\"225\" src=\"https:\/\/lak.edu.lb\/wp-content\/uploads\/2026\/04\/Gemini_Generated_Image_nw177ynw177ynw17-300x225.png\" class=\"attachment-medium size-medium wp-image-950\" alt=\"\u00c9l\u00e8ves en classe en pr\u00e9sentiel \u00e0 Verdun 3 Liban\" srcset=\"https:\/\/lak.edu.lb\/wp-content\/uploads\/2026\/04\/Gemini_Generated_Image_nw177ynw177ynw17-300x225.png 300w, https:\/\/lak.edu.lb\/wp-content\/uploads\/2026\/04\/Gemini_Generated_Image_nw177ynw177ynw17-1024x768.png 1024w, https:\/\/lak.edu.lb\/wp-content\/uploads\/2026\/04\/Gemini_Generated_Image_nw177ynw177ynw17-768x576.png 768w, https:\/\/lak.edu.lb\/wp-content\/uploads\/2026\/04\/Gemini_Generated_Image_nw177ynw177ynw17-1536x1152.png 1536w, https:\/\/lak.edu.lb\/wp-content\/uploads\/2026\/04\/Gemini_Generated_Image_nw177ynw177ynw17-2048x1536.png 2048w, https:\/\/lak.edu.lb\/wp-content\/uploads\/2026\/04\/Gemini_Generated_Image_nw177ynw177ynw17-16x12.png 16w\" sizes=\"(max-width: 300px) 100vw, 300px\" \/><\/div><\/a>\n\t\t\t\t<div class=\"elementor-post__badge\">Scolarit\u00e9<\/div>\n\t\t\t\t<div class=\"elementor-post__avatar\">\n\t\t\t<img alt='PA_LAK_2026' src='https:\/\/secure.gravatar.com\/avatar\/134bb67e31dc1b94b78497e7f5fb8796bd1e09ea47e7f9817868404f6e17de7b?s=128&#038;d=mm&#038;r=g' srcset='https:\/\/secure.gravatar.com\/avatar\/134bb67e31dc1b94b78497e7f5fb8796bd1e09ea47e7f9817868404f6e17de7b?s=256&#038;d=mm&#038;r=g 2x' class='avatar avatar-128 photo' height='128' width='128' \/>\t\t<\/div>\n\t\t\t\t<div class=\"elementor-post__text\">\n\t\t\t\t<h3 class=\"elementor-post__title\">\n\t\t\t<a href=\"https:\/\/lak.edu.lb\/en\/2026\/04\/03\/reprise-cours-elementaire-college-verdun\/\" >\n\t\t\t\tReprise des cours \u00e0 Verdun 3 : l\u2019\u00e9l\u00e9mentaire et le coll\u00e8ge retrouvent le pr\u00e9sentiel\t\t\t<\/a>\n\t\t<\/h3>\n\t\t\t\t<div class=\"elementor-post__excerpt\">\n\t\t\t<p>Depuis le jeudi 26 mars, les \u00e9l\u00e8ves de l\u2019\u00e9l\u00e9mentaire et du coll\u00e8ge ont repris leurs cours en pr\u00e9sentiel dans les locaux de la Mission La\u00efque<\/p>\n\t\t<\/div>\n\t\t\n\t\t<a class=\"elementor-post__read-more\" href=\"https:\/\/lak.edu.lb\/en\/2026\/04\/03\/reprise-cours-elementaire-college-verdun\/\" aria-label=\"Read more about Reprise des cours \u00e0 Verdun 3 : l\u2019\u00e9l\u00e9mentaire et le coll\u00e8ge retrouvent le pr\u00e9sentiel\" tabindex=\"-1\" >\n\t\t\tRead more \u00bb\t\t<\/a>\n\n\t\t\t\t<\/div>\n\t\t\t\t<div class=\"elementor-post__meta-data\">\n\t\t\t\t\t<span class=\"elementor-post-date\">\n\t\t\tApril 3, 2026\t\t<\/span>\n\t\t\t\t<span class=\"elementor-post-avatar\">\n\t\t\tNo Comments\t\t<\/span>\n\t\t\t\t<\/div>\n\t\t\t\t\t<\/div>\n\t\t<\/article>\n\t\t\t\t<article class=\"elementor-post elementor-grid-item post-942 post type-post status-publish format-standard has-post-thumbnail hentry category-concours-et-excellence\" role=\"listitem\">\n\t\t\t<div class=\"elementor-post__card\">\n\t\t\t\t<a class=\"elementor-post__thumbnail__link\" href=\"https:\/\/lak.edu.lb\/en\/2026\/04\/03\/les-petits-champions-de-la-lecture-deux-finalistes-pour-notre-etablissement\/\" tabindex=\"-1\" ><div class=\"elementor-post__thumbnail\"><img decoding=\"async\" width=\"300\" height=\"167\" src=\"https:\/\/lak.edu.lb\/wp-content\/uploads\/2026\/04\/Gemini_Generated_Image_4i50fl4i50fl4i50-300x167.png\" class=\"attachment-medium size-medium wp-image-945\" alt=\"\" srcset=\"https:\/\/lak.edu.lb\/wp-content\/uploads\/2026\/04\/Gemini_Generated_Image_4i50fl4i50fl4i50-300x167.png 300w, https:\/\/lak.edu.lb\/wp-content\/uploads\/2026\/04\/Gemini_Generated_Image_4i50fl4i50fl4i50-1024x572.png 1024w, https:\/\/lak.edu.lb\/wp-content\/uploads\/2026\/04\/Gemini_Generated_Image_4i50fl4i50fl4i50-768x429.png 768w, https:\/\/lak.edu.lb\/wp-content\/uploads\/2026\/04\/Gemini_Generated_Image_4i50fl4i50fl4i50-1536x857.png 1536w, https:\/\/lak.edu.lb\/wp-content\/uploads\/2026\/04\/Gemini_Generated_Image_4i50fl4i50fl4i50-2048x1143.png 2048w, https:\/\/lak.edu.lb\/wp-content\/uploads\/2026\/04\/Gemini_Generated_Image_4i50fl4i50fl4i50-18x10.png 18w\" sizes=\"(max-width: 300px) 100vw, 300px\" \/><\/div><\/a>\n\t\t\t\t<div class=\"elementor-post__badge\">Concours et excellence<\/div>\n\t\t\t\t<div class=\"elementor-post__avatar\">\n\t\t\t<img alt='PA_LAK_2026' src='https:\/\/secure.gravatar.com\/avatar\/134bb67e31dc1b94b78497e7f5fb8796bd1e09ea47e7f9817868404f6e17de7b?s=128&#038;d=mm&#038;r=g' srcset='https:\/\/secure.gravatar.com\/avatar\/134bb67e31dc1b94b78497e7f5fb8796bd1e09ea47e7f9817868404f6e17de7b?s=256&#038;d=mm&#038;r=g 2x' class='avatar avatar-128 photo' height='128' width='128' \/>\t\t<\/div>\n\t\t\t\t<div class=\"elementor-post__text\">\n\t\t\t\t<h3 class=\"elementor-post__title\">\n\t\t\t<a href=\"https:\/\/lak.edu.lb\/en\/2026\/04\/03\/les-petits-champions-de-la-lecture-deux-finalistes-pour-notre-etablissement\/\" >\n\t\t\t\tLes petits champions de la lecture : deux finalistes pour notre \u00e9tablissement\t\t\t<\/a>\n\t\t<\/h3>\n\t\t\t\t<div class=\"elementor-post__excerpt\">\n\t\t\t<p>Le Lyc\u00e9e est fier d&rsquo;annoncer la s\u00e9lection de Hadi Habhab et Sakina Al Husseini pour la finale Moyen-Orient du concours \u00ab Les Petits Champions de<\/p>\n\t\t<\/div>\n\t\t\n\t\t<a class=\"elementor-post__read-more\" href=\"https:\/\/lak.edu.lb\/en\/2026\/04\/03\/les-petits-champions-de-la-lecture-deux-finalistes-pour-notre-etablissement\/\" aria-label=\"Read more about Les petits champions de la lecture : deux finalistes pour notre \u00e9tablissement\" tabindex=\"-1\" >\n\t\t\tRead more \u00bb\t\t<\/a>\n\n\t\t\t\t<\/div>\n\t\t\t\t<div class=\"elementor-post__meta-data\">\n\t\t\t\t\t<span class=\"elementor-post-date\">\n\t\t\tApril 3, 2026\t\t<\/span>\n\t\t\t\t<span class=\"elementor-post-avatar\">\n\t\t\tNo Comments\t\t<\/span>\n\t\t\t\t<\/div>\n\t\t\t\t\t<\/div>\n\t\t<\/article>\n\t\t\t\t<article class=\"elementor-post elementor-grid-item post-934 post type-post status-publish format-standard has-post-thumbnail hentry category-scolarite\" role=\"listitem\">\n\t\t\t<div class=\"elementor-post__card\">\n\t\t\t\t<a class=\"elementor-post__thumbnail__link\" href=\"https:\/\/lak.edu.lb\/en\/2026\/04\/03\/reprise-des-cours-en-presentiel-nos-eleves-accueillis-sur-le-campus-de-lesa-a-clemenceau\/\" tabindex=\"-1\" ><div class=\"elementor-post__thumbnail\"><img decoding=\"async\" width=\"300\" height=\"167\" src=\"https:\/\/lak.edu.lb\/wp-content\/uploads\/2026\/04\/Gemini_Generated_Image_mvsnw7mvsnw7mvsn-300x167.png\" class=\"attachment-medium size-medium wp-image-936\" alt=\"\" srcset=\"https:\/\/lak.edu.lb\/wp-content\/uploads\/2026\/04\/Gemini_Generated_Image_mvsnw7mvsnw7mvsn-300x167.png 300w, https:\/\/lak.edu.lb\/wp-content\/uploads\/2026\/04\/Gemini_Generated_Image_mvsnw7mvsnw7mvsn-1024x572.png 1024w, https:\/\/lak.edu.lb\/wp-content\/uploads\/2026\/04\/Gemini_Generated_Image_mvsnw7mvsnw7mvsn-768x429.png 768w, https:\/\/lak.edu.lb\/wp-content\/uploads\/2026\/04\/Gemini_Generated_Image_mvsnw7mvsnw7mvsn-1536x857.png 1536w, https:\/\/lak.edu.lb\/wp-content\/uploads\/2026\/04\/Gemini_Generated_Image_mvsnw7mvsnw7mvsn-2048x1143.png 2048w, https:\/\/lak.edu.lb\/wp-content\/uploads\/2026\/04\/Gemini_Generated_Image_mvsnw7mvsnw7mvsn-18x10.png 18w\" sizes=\"(max-width: 300px) 100vw, 300px\" \/><\/div><\/a>\n\t\t\t\t<div class=\"elementor-post__badge\">Scolarit\u00e9<\/div>\n\t\t\t\t<div class=\"elementor-post__avatar\">\n\t\t\t<img alt='PA_LAK_2026' src='https:\/\/secure.gravatar.com\/avatar\/134bb67e31dc1b94b78497e7f5fb8796bd1e09ea47e7f9817868404f6e17de7b?s=128&#038;d=mm&#038;r=g' srcset='https:\/\/secure.gravatar.com\/avatar\/134bb67e31dc1b94b78497e7f5fb8796bd1e09ea47e7f9817868404f6e17de7b?s=256&#038;d=mm&#038;r=g 2x' class='avatar avatar-128 photo' height='128' width='128' \/>\t\t<\/div>\n\t\t\t\t<div class=\"elementor-post__text\">\n\t\t\t\t<h3 class=\"elementor-post__title\">\n\t\t\t<a href=\"https:\/\/lak.edu.lb\/en\/2026\/04\/03\/reprise-des-cours-en-presentiel-nos-eleves-accueillis-sur-le-campus-de-lesa-a-clemenceau\/\" >\n\t\t\t\tReprise des cours en pr\u00e9sentiel : nos \u00e9l\u00e8ves accueillis sur le campus de l\u2019ESA \u00e0 Cl\u00e9menceau\t\t\t<\/a>\n\t\t<\/h3>\n\t\t\t\t<div class=\"elementor-post__excerpt\">\n\t\t\t<p>Depuis le mardi 24 mars, les \u00e9l\u00e8ves du lyc\u00e9e ont repris leurs activit\u00e9s scolaires en pr\u00e9sentiel dans les locaux de l\u2019\u00c9cole Sup\u00e9rieure des Affaires (ESA)<\/p>\n\t\t<\/div>\n\t\t\n\t\t<a class=\"elementor-post__read-more\" href=\"https:\/\/lak.edu.lb\/en\/2026\/04\/03\/reprise-des-cours-en-presentiel-nos-eleves-accueillis-sur-le-campus-de-lesa-a-clemenceau\/\" aria-label=\"Read more about Reprise des cours en pr\u00e9sentiel : nos \u00e9l\u00e8ves accueillis sur le campus de l\u2019ESA \u00e0 Cl\u00e9menceau\" tabindex=\"-1\" >\n\t\t\tRead more \u00bb\t\t<\/a>\n\n\t\t\t\t<\/div>\n\t\t\t\t<div class=\"elementor-post__meta-data\">\n\t\t\t\t\t<span class=\"elementor-post-date\">\n\t\t\tApril 3, 2026\t\t<\/span>\n\t\t\t\t<span class=\"elementor-post-avatar\">\n\t\t\tNo Comments\t\t<\/span>\n\t\t\t\t<\/div>\n\t\t\t\t\t<\/div>\n\t\t<\/article>\n\t\t\t\t<article class=\"elementor-post elementor-grid-item post-252 post type-post status-publish format-standard has-post-thumbnail hentry category-scolarite\" role=\"listitem\">\n\t\t\t<div class=\"elementor-post__card\">\n\t\t\t\t<a class=\"elementor-post__thumbnail__link\" href=\"https:\/\/lak.edu.lb\/en\/2026\/01\/26\/le-projet-math-en-jeans-a-demarre-avec-une-belle-energie-cette-annee\/\" tabindex=\"-1\" ><div class=\"elementor-post__thumbnail\"><img loading=\"lazy\" decoding=\"async\" width=\"263\" height=\"300\" src=\"https:\/\/lak.edu.lb\/wp-content\/uploads\/2026\/01\/WhatsApp-Image-2026-03-13-at-12.41.22-263x300.jpeg\" class=\"attachment-medium size-medium wp-image-923\" alt=\"\" srcset=\"https:\/\/lak.edu.lb\/wp-content\/uploads\/2026\/01\/WhatsApp-Image-2026-03-13-at-12.41.22-263x300.jpeg 263w, https:\/\/lak.edu.lb\/wp-content\/uploads\/2026\/01\/WhatsApp-Image-2026-03-13-at-12.41.22-899x1024.jpeg 899w, https:\/\/lak.edu.lb\/wp-content\/uploads\/2026\/01\/WhatsApp-Image-2026-03-13-at-12.41.22-768x875.jpeg 768w, https:\/\/lak.edu.lb\/wp-content\/uploads\/2026\/01\/WhatsApp-Image-2026-03-13-at-12.41.22-1348x1536.jpeg 1348w, https:\/\/lak.edu.lb\/wp-content\/uploads\/2026\/01\/WhatsApp-Image-2026-03-13-at-12.41.22-11x12.jpeg 11w, https:\/\/lak.edu.lb\/wp-content\/uploads\/2026\/01\/WhatsApp-Image-2026-03-13-at-12.41.22.jpeg 1736w\" sizes=\"(max-width: 263px) 100vw, 263px\" \/><\/div><\/a>\n\t\t\t\t<div class=\"elementor-post__badge\">Scolarit\u00e9<\/div>\n\t\t\t\t<div class=\"elementor-post__avatar\">\n\t\t\t<img alt='Maxime_Konekta' src='https:\/\/secure.gravatar.com\/avatar\/1930d34569c9282534d27b468cf6ceed0f7e3c48261c7dffe0a59c9199d8f9af?s=128&#038;d=mm&#038;r=g' srcset='https:\/\/secure.gravatar.com\/avatar\/1930d34569c9282534d27b468cf6ceed0f7e3c48261c7dffe0a59c9199d8f9af?s=256&#038;d=mm&#038;r=g 2x' class='avatar avatar-128 photo' height='128' width='128' \/>\t\t<\/div>\n\t\t\t\t<div class=\"elementor-post__text\">\n\t\t\t\t<h3 class=\"elementor-post__title\">\n\t\t\t<a href=\"https:\/\/lak.edu.lb\/en\/2026\/01\/26\/le-projet-math-en-jeans-a-demarre-avec-une-belle-energie-cette-annee\/\" >\n\t\t\t\tLa r\u00e9cup\u00e9ration du mat\u00e9riel scolaire des \u00e9l\u00e9mentaires et des maternelles : une mobilisation totale pour nos \u00e9l\u00e8ves\t\t\t<\/a>\n\t\t<\/h3>\n\t\t\t\t<div class=\"elementor-post__excerpt\">\n\t\t\t<p>La continuit\u00e9 reste notre priorit\u00e9 absolue. Nos \u00e9quipes administratives et enseignantes sont actuellement mobilis\u00e9es pour r\u00e9cup\u00e9rer le mat\u00e9riel p\u00e9dagogique indispensable \u00e0 nos \u00e9l\u00e8ves : manuels<\/p>\n\t\t<\/div>\n\t\t\n\t\t<a class=\"elementor-post__read-more\" href=\"https:\/\/lak.edu.lb\/en\/2026\/01\/26\/le-projet-math-en-jeans-a-demarre-avec-une-belle-energie-cette-annee\/\" aria-label=\"Read more about La r\u00e9cup\u00e9ration du mat\u00e9riel scolaire des \u00e9l\u00e9mentaires et des maternelles : une mobilisation totale pour nos \u00e9l\u00e8ves\" tabindex=\"-1\" >\n\t\t\tRead more \u00bb\t\t<\/a>\n\n\t\t\t\t<\/div>\n\t\t\t\t<div class=\"elementor-post__meta-data\">\n\t\t\t\t\t<span class=\"elementor-post-date\">\n\t\t\tJanuary 26, 2026\t\t<\/span>\n\t\t\t\t<span class=\"elementor-post-avatar\">\n\t\t\tNo Comments\t\t<\/span>\n\t\t\t\t<\/div>\n\t\t\t\t\t<\/div>\n\t\t<\/article>\n\t\t\t\t<article class=\"elementor-post elementor-grid-item post-249 post type-post status-publish format-standard has-post-thumbnail hentry category-divers\" role=\"listitem\">\n\t\t\t<div class=\"elementor-post__card\">\n\t\t\t\t<a class=\"elementor-post__thumbnail__link\" href=\"https:\/\/lak.edu.lb\/en\/2026\/01\/26\/course-aux-nombres\/\" tabindex=\"-1\" ><div class=\"elementor-post__thumbnail\"><img loading=\"lazy\" decoding=\"async\" width=\"300\" height=\"167\" src=\"https:\/\/lak.edu.lb\/wp-content\/uploads\/2026\/01\/Gemini_Generated_Image_x39xaux39xaux39x-300x167.png\" class=\"attachment-medium size-medium wp-image-933\" alt=\"\" srcset=\"https:\/\/lak.edu.lb\/wp-content\/uploads\/2026\/01\/Gemini_Generated_Image_x39xaux39xaux39x-300x167.png 300w, https:\/\/lak.edu.lb\/wp-content\/uploads\/2026\/01\/Gemini_Generated_Image_x39xaux39xaux39x-1024x572.png 1024w, https:\/\/lak.edu.lb\/wp-content\/uploads\/2026\/01\/Gemini_Generated_Image_x39xaux39xaux39x-768x429.png 768w, https:\/\/lak.edu.lb\/wp-content\/uploads\/2026\/01\/Gemini_Generated_Image_x39xaux39xaux39x-1536x857.png 1536w, https:\/\/lak.edu.lb\/wp-content\/uploads\/2026\/01\/Gemini_Generated_Image_x39xaux39xaux39x-2048x1143.png 2048w, https:\/\/lak.edu.lb\/wp-content\/uploads\/2026\/01\/Gemini_Generated_Image_x39xaux39xaux39x-18x10.png 18w\" sizes=\"(max-width: 300px) 100vw, 300px\" \/><\/div><\/a>\n\t\t\t\t<div class=\"elementor-post__badge\">Miscellaneous<\/div>\n\t\t\t\t<div class=\"elementor-post__avatar\">\n\t\t\t<img alt='Maxime_Konekta' src='https:\/\/secure.gravatar.com\/avatar\/1930d34569c9282534d27b468cf6ceed0f7e3c48261c7dffe0a59c9199d8f9af?s=128&#038;d=mm&#038;r=g' srcset='https:\/\/secure.gravatar.com\/avatar\/1930d34569c9282534d27b468cf6ceed0f7e3c48261c7dffe0a59c9199d8f9af?s=256&#038;d=mm&#038;r=g 2x' class='avatar avatar-128 photo' height='128' width='128' \/>\t\t<\/div>\n\t\t\t\t<div class=\"elementor-post__text\">\n\t\t\t\t<h3 class=\"elementor-post__title\">\n\t\t\t<a href=\"https:\/\/lak.edu.lb\/en\/2026\/01\/26\/course-aux-nombres\/\" >\n\t\t\t\tF\u00eate des professeurs : hommage \u00e0 l&rsquo;engagement de nos \u00e9quipes.\t\t\t<\/a>\n\t\t<\/h3>\n\t\t\t\t<div class=\"elementor-post__excerpt\">\n\t\t\t<p>\u00a0Le Lyc\u00e9e Abdel Kader, c\u2019est avant tout une \u00e9quipe. Pour c\u00e9l\u00e9brer la Journ\u00e9e des Professeurs, nous donnons la parole \u00e0 ceux qui accompagnent quotidiennement nos<\/p>\n\t\t<\/div>\n\t\t\n\t\t<a class=\"elementor-post__read-more\" href=\"https:\/\/lak.edu.lb\/en\/2026\/01\/26\/course-aux-nombres\/\" aria-label=\"Read more about F\u00eate des professeurs : hommage \u00e0 l&rsquo;engagement de nos \u00e9quipes.\" tabindex=\"-1\" >\n\t\t\tRead more \u00bb\t\t<\/a>\n\n\t\t\t\t<\/div>\n\t\t\t\t<div class=\"elementor-post__meta-data\">\n\t\t\t\t\t<span class=\"elementor-post-date\">\n\t\t\tJanuary 26, 2026\t\t<\/span>\n\t\t\t\t<span class=\"elementor-post-avatar\">\n\t\t\tNo Comments\t\t<\/span>\n\t\t\t\t<\/div>\n\t\t\t\t\t<\/div>\n\t\t<\/article>\n\t\t\t\t<article class=\"elementor-post elementor-grid-item post-1 post type-post status-publish format-standard has-post-thumbnail hentry category-divers\" role=\"listitem\">\n\t\t\t<div class=\"elementor-post__card\">\n\t\t\t\t<a class=\"elementor-post__thumbnail__link\" href=\"https:\/\/lak.edu.lb\/en\/2025\/12\/20\/hello-world\/\" tabindex=\"-1\" ><div class=\"elementor-post__thumbnail\"><img loading=\"lazy\" decoding=\"async\" width=\"300\" height=\"275\" src=\"https:\/\/lak.edu.lb\/wp-content\/uploads\/2025\/12\/WhatsApp-Image-2026-03-13-at-15.49.33-1-300x275.jpeg\" class=\"attachment-medium size-medium wp-image-930\" alt=\"\" srcset=\"https:\/\/lak.edu.lb\/wp-content\/uploads\/2025\/12\/WhatsApp-Image-2026-03-13-at-15.49.33-1-300x275.jpeg 300w, https:\/\/lak.edu.lb\/wp-content\/uploads\/2025\/12\/WhatsApp-Image-2026-03-13-at-15.49.33-1-1024x940.jpeg 1024w, https:\/\/lak.edu.lb\/wp-content\/uploads\/2025\/12\/WhatsApp-Image-2026-03-13-at-15.49.33-1-768x705.jpeg 768w, https:\/\/lak.edu.lb\/wp-content\/uploads\/2025\/12\/WhatsApp-Image-2026-03-13-at-15.49.33-1-13x12.jpeg 13w, https:\/\/lak.edu.lb\/wp-content\/uploads\/2025\/12\/WhatsApp-Image-2026-03-13-at-15.49.33-1.jpeg 1170w\" sizes=\"(max-width: 300px) 100vw, 300px\" \/><\/div><\/a>\n\t\t\t\t<div class=\"elementor-post__badge\">Miscellaneous<\/div>\n\t\t\t\t<div class=\"elementor-post__avatar\">\n\t\t\t<img alt='Maxime_Konekta' src='https:\/\/secure.gravatar.com\/avatar\/1930d34569c9282534d27b468cf6ceed0f7e3c48261c7dffe0a59c9199d8f9af?s=128&#038;d=mm&#038;r=g' srcset='https:\/\/secure.gravatar.com\/avatar\/1930d34569c9282534d27b468cf6ceed0f7e3c48261c7dffe0a59c9199d8f9af?s=256&#038;d=mm&#038;r=g 2x' class='avatar avatar-128 photo' height='128' width='128' \/>\t\t<\/div>\n\t\t\t\t<div class=\"elementor-post__text\">\n\t\t\t\t<h3 class=\"elementor-post__title\">\n\t\t\t<a href=\"https:\/\/lak.edu.lb\/en\/2025\/12\/20\/hello-world\/\" >\n\t\t\t\tL&rsquo;\u00e9quipe administrative s\u2019installe \u00e0 l\u2019ESA\t\t\t<\/a>\n\t\t<\/h3>\n\t\t\t\t<div class=\"elementor-post__excerpt\">\n\t\t\t<p>Au Lyc\u00e9e Abdel Kader, la continuit\u00e9 est une priorit\u00e9 absolue. Face aux d\u00e9fis actuels, nous avons fait le choix de la r\u00e9silience et de l&rsquo;adaptation.<\/p>\n\t\t<\/div>\n\t\t\n\t\t<a class=\"elementor-post__read-more\" href=\"https:\/\/lak.edu.lb\/en\/2025\/12\/20\/hello-world\/\" aria-label=\"Read more about L&rsquo;\u00e9quipe administrative s\u2019installe \u00e0 l\u2019ESA\" tabindex=\"-1\" >\n\t\t\tRead more \u00bb\t\t<\/a>\n\n\t\t\t\t<\/div>\n\t\t\t\t<div class=\"elementor-post__meta-data\">\n\t\t\t\t\t<span class=\"elementor-post-date\">\n\t\t\tDecember 20, 2025\t\t<\/span>\n\t\t\t\t<span class=\"elementor-post-avatar\">\n\t\t\t1 Comment\t\t<\/span>\n\t\t\t\t<\/div>\n\t\t\t\t\t<\/div>\n\t\t<\/article>\n\t\t\t\t<\/div>\n\t\t\n\t\t\t\t\t\t<\/div>\n\t\t\t\t<\/div>\n\t\t\t\t\t<\/div>\n\t\t\t\t<\/div>\n\t\t\t\t<\/div>","protected":false},"excerpt":{"rendered":"","protected":false},"author":1,"featured_media":0,"parent":114,"menu_order":0,"comment_status":"closed","ping_status":"closed","template":"","meta":{"_acf_changed":false,"footnotes":""},"class_list":["post-404","page","type-page","status-publish","hentry"],"acf":[],"_links":{"self":[{"href":"https:\/\/lak.edu.lb\/en\/wp-json\/wp\/v2\/pages\/404","targetHints":{"allow":["GET"]}}],"collection":[{"href":"https:\/\/lak.edu.lb\/en\/wp-json\/wp\/v2\/pages"}],"about":[{"href":"https:\/\/lak.edu.lb\/en\/wp-json\/wp\/v2\/types\/page"}],"author":[{"embeddable":true,"href":"https:\/\/lak.edu.lb\/en\/wp-json\/wp\/v2\/users\/1"}],"replies":[{"embeddable":true,"href":"https:\/\/lak.edu.lb\/en\/wp-json\/wp\/v2\/comments?post=404"}],"version-history":[{"count":5,"href":"https:\/\/lak.edu.lb\/en\/wp-json\/wp\/v2\/pages\/404\/revisions"}],"predecessor-version":[{"id":483,"href":"https:\/\/lak.edu.lb\/en\/wp-json\/wp\/v2\/pages\/404\/revisions\/483"}],"up":[{"embeddable":true,"href":"https:\/\/lak.edu.lb\/en\/wp-json\/wp\/v2\/pages\/114"}],"wp:attachment":[{"href":"https:\/\/lak.edu.lb\/en\/wp-json\/wp\/v2\/media?parent=404"}],"curies":[{"name":"wp","href":"https:\/\/api.w.org\/{rel}","templated":true}]}}