{"id":701,"date":"2026-02-26T15:28:23","date_gmt":"2026-02-26T15:28:23","guid":{"rendered":"https:\/\/lak.im-nomade.com\/?page_id=701"},"modified":"2026-04-03T14:39:48","modified_gmt":"2026-04-03T14:39:48","slug":"le-lycee-en-images","status":"publish","type":"page","link":"https:\/\/lak.edu.lb\/en\/le-lycee-en-images\/","title":{"rendered":"Le lyc\u00e9e en images"},"content":{"rendered":"<p>D\u00e9couvrez les transformations majeures qui ont fa\u00e7onn\u00e9 le nouveau visage du Lyc\u00e9e Abdel Kader.\t\t\t\t\t<\/p>\n<h2>P\u00f4le Administratif Moderne<\/h2>\n<h3>Un p\u00f4le administratif flambant neuf pour faciliter toutes vos d\u00e9marches.<\/h3>\n<h2>Portails S\u00e9curis\u00e9s<\/h2>\n<h3>Des syst\u00e8mes d&rsquo;entr\u00e9e s\u00e9curis\u00e9s garantissant la tranquillit\u00e9 d&rsquo;esprit des familles et la protection de nos \u00e9l\u00e8ves.<\/h3>\n<h2>Salle de Musculation<\/h2>\n<h3>Un espace sportif enti\u00e8rement \u00e9quip\u00e9 permettant aux \u00e9l\u00e8ves de d\u00e9velopper leur bien-\u00eatre physique dans un environnement motivant.<\/h3>\n<h2>Salle Informatique<\/h2>\n<h3>Des \u00e9quipements dernier cri pour initier nos \u00e9l\u00e8ves aux comp\u00e9tences num\u00e9riques devenues aujourd&rsquo;hui essentielles.<\/h3>\n<h2>Espaces Maternelles<\/h2>\n<h3>Un pr\u00e9au ludique offrant aux plus jeunes un environnement s\u00fbr et stimulant pour grandir.<\/h3>\n<h2>Salles de classe<\/h2>\n<h3>100% de nos salles de classe ont \u00e9t\u00e9 r\u00e9nov\u00e9es.<\/h3>\n<h2>Espaces de pique-nique<\/h2>\n<h3>Des zones d\u00e9di\u00e9es pour les repas en plein air, favorisant les moments de d\u00e9tente et de convivialit\u00e9.<\/h3>\n<h2>Fab Lab Innovant<\/h2>\n<h3>Un laboratoire de fabrication num\u00e9rique o\u00f9 cr\u00e9ativit\u00e9 et technologie se rencontrent pour stimuler l&rsquo;innovation.<\/h3>","protected":false},"excerpt":{"rendered":"<p>D\u00e9couvrez les transformations majeures qui ont fa\u00e7onn\u00e9 le nouveau visage du Lyc\u00e9e Abdel Kader. P\u00f4le Administratif Moderne Un p\u00f4le administratif flambant neuf pour faciliter toutes vos d\u00e9marches. Portails S\u00e9curis\u00e9s Des syst\u00e8mes d&rsquo;entr\u00e9e s\u00e9curis\u00e9s garantissant la tranquillit\u00e9 d&rsquo;esprit des familles et la protection de nos \u00e9l\u00e8ves. Salle de Musculation Un espace sportif enti\u00e8rement \u00e9quip\u00e9 permettant aux [&hellip;]<\/p>\n","protected":false},"author":1,"featured_media":0,"parent":0,"menu_order":0,"comment_status":"closed","ping_status":"closed","template":"","meta":{"_acf_changed":false,"footnotes":""},"class_list":["post-701","page","type-page","status-publish","hentry"],"acf":[],"_links":{"self":[{"href":"https:\/\/lak.edu.lb\/en\/wp-json\/wp\/v2\/pages\/701","targetHints":{"allow":["GET"]}}],"collection":[{"href":"https:\/\/lak.edu.lb\/en\/wp-json\/wp\/v2\/pages"}],"about":[{"href":"https:\/\/lak.edu.lb\/en\/wp-json\/wp\/v2\/types\/page"}],"author":[{"embeddable":true,"href":"https:\/\/lak.edu.lb\/en\/wp-json\/wp\/v2\/users\/1"}],"replies":[{"embeddable":true,"href":"https:\/\/lak.edu.lb\/en\/wp-json\/wp\/v2\/comments?post=701"}],"version-history":[{"count":7,"href":"https:\/\/lak.edu.lb\/en\/wp-json\/wp\/v2\/pages\/701\/revisions"}],"predecessor-version":[{"id":716,"href":"https:\/\/lak.edu.lb\/en\/wp-json\/wp\/v2\/pages\/701\/revisions\/716"}],"wp:attachment":[{"href":"https:\/\/lak.edu.lb\/en\/wp-json\/wp\/v2\/media?parent=701"}],"curies":[{"name":"wp","href":"https:\/\/api.w.org\/{rel}","templated":true}]}}