{"id":99,"date":"2026-01-26T17:08:13","date_gmt":"2026-01-26T17:08:13","guid":{"rendered":"https:\/\/lak.im-nomade.com\/?page_id=99"},"modified":"2026-02-23T20:21:48","modified_gmt":"2026-02-23T20:21:48","slug":"les-partenaires","status":"publish","type":"page","link":"https:\/\/lak.edu.lb\/en\/letablissement\/les-partenaires\/","title":{"rendered":"Our partners"},"content":{"rendered":"<div data-elementor-type=\"wp-page\" data-elementor-id=\"99\" class=\"elementor elementor-99\" data-elementor-post-type=\"page\">\n\t\t\t\t<div class=\"elementor-element elementor-element-7e96dad e-flex e-con-boxed e-con e-parent\" data-id=\"7e96dad\" data-element_type=\"container\" data-e-type=\"container\">\n\t\t\t\t\t<div class=\"e-con-inner\">\n\t\t\t\t<div class=\"elementor-element elementor-element-79cdc03 elementor-widget elementor-widget-heading\" data-id=\"79cdc03\" data-element_type=\"widget\" data-e-type=\"widget\" data-widget_type=\"heading.default\">\n\t\t\t\t\t<h2 class=\"elementor-heading-title elementor-size-default\">Une Alliance Strat\u00e9gique : AEFE, MLF et Fondation Hariri\n\n<\/h2>\t\t\t\t<\/div>\n\t\t\t\t<div class=\"elementor-element elementor-element-8aed670 elementor-widget elementor-widget-text-editor\" data-id=\"8aed670\" data-element_type=\"widget\" data-e-type=\"widget\" data-widget_type=\"text-editor.default\">\n\t\t\t\t\t\t\t\t\t<p>La force de notre lyc\u00e9e repose sur la collaboration compl\u00e9mentaire de nos partenaires historiques. Ensemble, ils garantissent la qualit\u00e9 p\u00e9dagogique, la p\u00e9rennit\u00e9 de l&rsquo;\u00e9tablissement et l&rsquo;ouverture internationale de nos \u00e9l\u00e8ves.<\/p>\t\t\t\t\t\t\t\t<\/div>\n\t\t\t\t\t<\/div>\n\t\t\t\t<\/div>\n\t\t<div class=\"elementor-element elementor-element-3693720 e-flex e-con-boxed e-con e-parent\" data-id=\"3693720\" data-element_type=\"container\" data-e-type=\"container\">\n\t\t\t\t\t<div class=\"e-con-inner\">\n\t\t<div class=\"elementor-element elementor-element-0fa97c0 e-con-full e-flex e-con e-child\" data-id=\"0fa97c0\" data-element_type=\"container\" data-e-type=\"container\">\n\t\t\t\t<div class=\"elementor-element elementor-element-c3fe6a9 elementor-widget elementor-widget-heading\" data-id=\"c3fe6a9\" data-element_type=\"widget\" data-e-type=\"widget\" data-widget_type=\"heading.default\">\n\t\t\t\t\t<h2 class=\"elementor-heading-title elementor-size-default\">L'AEFE\n\n<\/h2>\t\t\t\t<\/div>\n\t\t\t\t<div class=\"elementor-element elementor-element-a595f50 elementor-widget elementor-widget-heading\" data-id=\"a595f50\" data-element_type=\"widget\" data-e-type=\"widget\" data-widget_type=\"heading.default\">\n\t\t\t\t\t<h3 class=\"elementor-heading-title elementor-size-default\">La Garantie du Programme Fran\u00e7ais\n\n<\/h3>\t\t\t\t<\/div>\n\t\t\t\t<div class=\"elementor-element elementor-element-39d492d elementor-widget elementor-widget-image\" data-id=\"39d492d\" data-element_type=\"widget\" data-e-type=\"widget\" data-widget_type=\"image.default\">\n\t\t\t\t\t\t\t\t\t\t\t\t\t\t\t<img fetchpriority=\"high\" decoding=\"async\" width=\"800\" height=\"291\" src=\"https:\/\/lak.edu.lb\/wp-content\/uploads\/2025\/12\/logoaefe-4-w960h417_0.png\" class=\"attachment-large size-large wp-image-354\" alt=\"\" srcset=\"https:\/\/lak.edu.lb\/wp-content\/uploads\/2025\/12\/logoaefe-4-w960h417_0.png 960w, https:\/\/lak.edu.lb\/wp-content\/uploads\/2025\/12\/logoaefe-4-w960h417_0-300x109.png 300w, https:\/\/lak.edu.lb\/wp-content\/uploads\/2025\/12\/logoaefe-4-w960h417_0-768x279.png 768w, https:\/\/lak.edu.lb\/wp-content\/uploads\/2025\/12\/logoaefe-4-w960h417_0-18x7.png 18w\" sizes=\"(max-width: 800px) 100vw, 800px\" \/>\t\t\t\t\t\t\t\t\t\t\t\t\t\t\t<\/div>\n\t\t\t\t<\/div>\n\t\t<div class=\"elementor-element elementor-element-b9e3ef0 e-con-full e-flex e-con e-child\" data-id=\"b9e3ef0\" data-element_type=\"container\" data-e-type=\"container\">\n\t\t\t\t<div class=\"elementor-element elementor-element-9305a67 elementor-widget elementor-widget-text-editor\" data-id=\"9305a67\" data-element_type=\"widget\" data-e-type=\"widget\" data-widget_type=\"text-editor.default\">\n\t\t\t\t\t\t\t\t\t<p>Le Lyc\u00e9e Abdel Kader est homologu\u00e9 par l\u2019<b>AEFE (Agence pour l\u2019Enseignement Fran\u00e7ais \u00e0 l\u2019\u00c9tranger)<\/b>. Ce r\u00e9seau scolarise plus de 390 000 \u00e9l\u00e8ves dans 138 pays.<\/p><ul><li aria-level=\"1\"><b>Programmes officiels :<\/b> Nous suivons strictement le cursus de l&rsquo;\u00c9ducation Nationale fran\u00e7aise.<\/li><li aria-level=\"1\"><b>Dipl\u00f4mes reconnus :<\/b> Nos \u00e9l\u00e8ves pr\u00e9parent le Brevet et le Baccalaur\u00e9at avec les m\u00eames exigences qu&rsquo;en France.<\/li><\/ul><p><b>Mobilit\u00e9 mondiale :<\/b> Votre enfant peut poursuivre sa scolarit\u00e9 dans n&rsquo;importe quel lyc\u00e9e fran\u00e7ais du monde sans interruption.<\/p>\t\t\t\t\t\t\t\t<\/div>\n\t\t\t\t<\/div>\n\t\t\t\t\t<\/div>\n\t\t\t\t<\/div>\n\t\t<div class=\"elementor-element elementor-element-082dc26 e-flex e-con-boxed e-con e-parent\" data-id=\"082dc26\" data-element_type=\"container\" data-e-type=\"container\">\n\t\t\t\t\t<div class=\"e-con-inner\">\n\t\t<div class=\"elementor-element elementor-element-94ae4c8 e-con-full e-flex e-con e-child\" data-id=\"94ae4c8\" data-element_type=\"container\" data-e-type=\"container\">\n\t\t\t\t<div class=\"elementor-element elementor-element-47ecd87 elementor-widget elementor-widget-heading\" data-id=\"47ecd87\" data-element_type=\"widget\" data-e-type=\"widget\" data-widget_type=\"heading.default\">\n\t\t\t\t\t<h2 class=\"elementor-heading-title elementor-size-default\">MLF\n<\/h2>\t\t\t\t<\/div>\n\t\t\t\t<div class=\"elementor-element elementor-element-eee67d4 elementor-widget elementor-widget-heading\" data-id=\"eee67d4\" data-element_type=\"widget\" data-e-type=\"widget\" data-widget_type=\"heading.default\">\n\t\t\t\t\t<h3 class=\"elementor-heading-title elementor-size-default\">Notre ADN P\u00e9dagogique\n\n<\/h3>\t\t\t\t<\/div>\n\t\t\t\t<div class=\"elementor-element elementor-element-70c93c7 elementor-widget elementor-widget-image\" data-id=\"70c93c7\" data-element_type=\"widget\" data-e-type=\"widget\" data-widget_type=\"image.default\">\n\t\t\t\t\t\t\t\t\t\t\t\t\t\t\t<img decoding=\"async\" width=\"800\" height=\"288\" src=\"https:\/\/lak.edu.lb\/wp-content\/uploads\/2026\/02\/reseau-mlfmonde-part-mlf-blue-1024x369.png\" class=\"attachment-large size-large wp-image-336\" alt=\"\" srcset=\"https:\/\/lak.edu.lb\/wp-content\/uploads\/2026\/02\/reseau-mlfmonde-part-mlf-blue-1024x369.png 1024w, https:\/\/lak.edu.lb\/wp-content\/uploads\/2026\/02\/reseau-mlfmonde-part-mlf-blue-300x108.png 300w, https:\/\/lak.edu.lb\/wp-content\/uploads\/2026\/02\/reseau-mlfmonde-part-mlf-blue-768x277.png 768w, https:\/\/lak.edu.lb\/wp-content\/uploads\/2026\/02\/reseau-mlfmonde-part-mlf-blue-1536x554.png 1536w, https:\/\/lak.edu.lb\/wp-content\/uploads\/2026\/02\/reseau-mlfmonde-part-mlf-blue-18x6.png 18w, https:\/\/lak.edu.lb\/wp-content\/uploads\/2026\/02\/reseau-mlfmonde-part-mlf-blue.png 1586w\" sizes=\"(max-width: 800px) 100vw, 800px\" \/>\t\t\t\t\t\t\t\t\t\t\t\t\t\t\t<\/div>\n\t\t\t\t<\/div>\n\t\t<div class=\"elementor-element elementor-element-deb7b13 e-con-full e-flex e-con e-child\" data-id=\"deb7b13\" data-element_type=\"container\" data-e-type=\"container\">\n\t\t\t\t<div class=\"elementor-element elementor-element-779ec1d elementor-widget elementor-widget-text-editor\" data-id=\"779ec1d\" data-element_type=\"widget\" data-e-type=\"widget\" data-widget_type=\"text-editor.default\">\n\t\t\t\t\t\t\t\t\t<p>Fondatrice du lyc\u00e9e en 1909, la <b>MLF<\/b> insuffle une p\u00e9dagogie moderne ax\u00e9e sur l&rsquo;interculturalit\u00e9 et le plurilinguisme.<\/p><ul><li aria-level=\"1\"><b>La\u00efcit\u00e9 et tol\u00e9rance :<\/b> Nous formons des citoyens respectueux des valeurs humanistes.<\/li><\/ul><p><b>Deux cultures :<\/b> Le partage entre la culture fran\u00e7aise et la culture libanaise est au c\u0153ur de notre identit\u00e9.<\/p>\t\t\t\t\t\t\t\t<\/div>\n\t\t\t\t<\/div>\n\t\t\t\t\t<\/div>\n\t\t\t\t<\/div>\n\t\t<div class=\"elementor-element elementor-element-30cc227 e-flex e-con-boxed e-con e-parent\" data-id=\"30cc227\" data-element_type=\"container\" data-e-type=\"container\">\n\t\t\t\t\t<div class=\"e-con-inner\">\n\t\t<div class=\"elementor-element elementor-element-7a89e81 e-con-full e-flex e-con e-child\" data-id=\"7a89e81\" data-element_type=\"container\" data-e-type=\"container\">\n\t\t\t\t<div class=\"elementor-element elementor-element-0bac6b6 elementor-widget elementor-widget-heading\" data-id=\"0bac6b6\" data-element_type=\"widget\" data-e-type=\"widget\" data-widget_type=\"heading.default\">\n\t\t\t\t\t<h2 class=\"elementor-heading-title elementor-size-default\">Rafic Hariri <\/h2>\t\t\t\t<\/div>\n\t\t\t\t<div class=\"elementor-element elementor-element-5eaad9b elementor-widget elementor-widget-heading\" data-id=\"5eaad9b\" data-element_type=\"widget\" data-e-type=\"widget\" data-widget_type=\"heading.default\">\n\t\t\t\t\t<h3 class=\"elementor-heading-title elementor-size-default\">Soutien et Modernit\u00e9\n\n\n<\/h3>\t\t\t\t<\/div>\n\t\t\t\t<div class=\"elementor-element elementor-element-1c99529 elementor-widget elementor-widget-image\" data-id=\"1c99529\" data-element_type=\"widget\" data-e-type=\"widget\" data-widget_type=\"image.default\">\n\t\t\t\t\t\t\t\t\t\t\t\t\t\t\t<img decoding=\"async\" width=\"800\" height=\"184\" src=\"https:\/\/lak.edu.lb\/wp-content\/uploads\/2025\/12\/HF-Logo-EN-01-1024x236.png\" class=\"attachment-large size-large wp-image-358\" alt=\"\" srcset=\"https:\/\/lak.edu.lb\/wp-content\/uploads\/2025\/12\/HF-Logo-EN-01-1024x236.png 1024w, https:\/\/lak.edu.lb\/wp-content\/uploads\/2025\/12\/HF-Logo-EN-01-300x69.png 300w, https:\/\/lak.edu.lb\/wp-content\/uploads\/2025\/12\/HF-Logo-EN-01-768x177.png 768w, https:\/\/lak.edu.lb\/wp-content\/uploads\/2025\/12\/HF-Logo-EN-01-1536x354.png 1536w, https:\/\/lak.edu.lb\/wp-content\/uploads\/2025\/12\/HF-Logo-EN-01-2048x472.png 2048w, https:\/\/lak.edu.lb\/wp-content\/uploads\/2025\/12\/HF-Logo-EN-01-18x4.png 18w\" sizes=\"(max-width: 800px) 100vw, 800px\" \/>\t\t\t\t\t\t\t\t\t\t\t\t\t\t\t<\/div>\n\t\t\t\t<\/div>\n\t\t<div class=\"elementor-element elementor-element-1d4c7e9 e-con-full e-flex e-con e-child\" data-id=\"1d4c7e9\" data-element_type=\"container\" data-e-type=\"container\">\n\t\t\t\t<div class=\"elementor-element elementor-element-b6ecbaa elementor-widget elementor-widget-text-editor\" data-id=\"b6ecbaa\" data-element_type=\"widget\" data-e-type=\"widget\" data-widget_type=\"text-editor.default\">\n\t\t\t\t\t\t\t\t\t<p>Depuis 1985, la <b>Fondation Rafic Hariri<\/b> est l\u2019organisme gestionnaire du lyc\u00e9e. Elle est le garant de notre stabilit\u00e9 et de notre modernit\u00e9.<\/p><ul><li aria-level=\"1\"><b>Vision d&rsquo;avenir :<\/b> La Fondation soutient l&rsquo;accessibilit\u00e9 \u00e0 une \u00e9ducation d&rsquo;excellence pour la jeunesse libanaise.<\/li><li aria-level=\"1\"><b>Engagement local :<\/b> Un ancrage fort \u00e0 Beyrouth pour r\u00e9pondre aux besoins des familles d&rsquo;aujourd&rsquo;hui.<\/li><\/ul><p>Offrez \u00e0 votre enfant un parcours scolaire soutenu par les meilleurs r\u00e9seaux internationaux.<\/p>\t\t\t\t\t\t\t\t<\/div>\n\t\t\t\t<\/div>\n\t\t\t\t\t<\/div>\n\t\t\t\t<\/div>\n\t\t\t\t<\/div>","protected":false},"excerpt":{"rendered":"<p>Une Alliance Strat\u00e9gique : AEFE, MLF et Fondation Hariri La force de notre lyc\u00e9e repose sur la collaboration compl\u00e9mentaire de nos partenaires historiques. Ensemble, ils garantissent la qualit\u00e9 p\u00e9dagogique, la p\u00e9rennit\u00e9 de l&rsquo;\u00e9tablissement et l&rsquo;ouverture internationale de nos \u00e9l\u00e8ves. L&rsquo;AEFE La Garantie du Programme Fran\u00e7ais Le Lyc\u00e9e Abdel Kader est homologu\u00e9 par l\u2019AEFE (Agence pour [&hellip;]<\/p>\n","protected":false},"author":1,"featured_media":0,"parent":86,"menu_order":0,"comment_status":"closed","ping_status":"closed","template":"","meta":{"_acf_changed":false,"footnotes":""},"class_list":["post-99","page","type-page","status-publish","hentry"],"acf":[],"_links":{"self":[{"href":"https:\/\/lak.edu.lb\/en\/wp-json\/wp\/v2\/pages\/99","targetHints":{"allow":["GET"]}}],"collection":[{"href":"https:\/\/lak.edu.lb\/en\/wp-json\/wp\/v2\/pages"}],"about":[{"href":"https:\/\/lak.edu.lb\/en\/wp-json\/wp\/v2\/types\/page"}],"author":[{"embeddable":true,"href":"https:\/\/lak.edu.lb\/en\/wp-json\/wp\/v2\/users\/1"}],"replies":[{"embeddable":true,"href":"https:\/\/lak.edu.lb\/en\/wp-json\/wp\/v2\/comments?post=99"}],"version-history":[{"count":8,"href":"https:\/\/lak.edu.lb\/en\/wp-json\/wp\/v2\/pages\/99\/revisions"}],"predecessor-version":[{"id":442,"href":"https:\/\/lak.edu.lb\/en\/wp-json\/wp\/v2\/pages\/99\/revisions\/442"}],"up":[{"embeddable":true,"href":"https:\/\/lak.edu.lb\/en\/wp-json\/wp\/v2\/pages\/86"}],"wp:attachment":[{"href":"https:\/\/lak.edu.lb\/en\/wp-json\/wp\/v2\/media?parent=99"}],"curies":[{"name":"wp","href":"https:\/\/api.w.org\/{rel}","templated":true}]}}